{"id":3,"date":"2021-04-29T14:22:14","date_gmt":"2021-04-29T14:22:14","guid":{"rendered":"https:\/\/dickinsonconsulting.hu\/?page_id=3"},"modified":"2021-07-30T12:56:09","modified_gmt":"2021-07-30T12:56:09","slug":"","status":"publish","type":"page","link":"https:\/\/www.dickinsonconsulting.hu\/en\/privacy-policy\/","title":{"rendered":"","raw":""},"content":{"rendered":"","protected":false,"raw":""},"excerpt":{"rendered":"","protected":false,"raw":""},"author":1,"featured_media":253,"parent":0,"menu_order":0,"comment_status":"closed","ping_status":"open","template":"","meta":{"_monsterinsights_skip_tracking":false,"_hu_post_content":"<!-- wp:heading {\"level\":1} -->\n<h1>Adatkezel\u00e9si T\u00e1j\u00e9koztat\u00f3<\/h1>\n<!-- \/wp:heading -->\n\n<!-- wp:paragraph -->\n<p><strong>Dickinson Consulting<\/strong><\/p>\n<!-- \/wp:paragraph -->\n\n<!-- wp:paragraph -->\n<p>T\u00e1j\u00e9koztat\u00f3 hat\u00e1lybal\u00e9p\u00e9s\u00e9nek napja: 2021.06.02.<\/p>\n<!-- \/wp:paragraph -->\n\n<!-- wp:paragraph -->\n<p>A szem\u00e9lyes adatok v\u00e9delm\u00e9re komoly hangs\u00falyt helyez\u00fcnk. Ez\u00e9rt szeretn\u00e9nk megismertetni \u00d6nt azokkal az adatkezel\u00e9si, illetve adatfeldolgoz\u00e1si folyamatokkal, amelyeket tev\u00e9kenys\u00e9g\u00fcnkkel kapcsolatban, illetve az \u00e1ltalunk k\u00fcld\u00f6tt inform\u00e1ci\u00f3kkal kapcsolatban alkalmazunk. Az al\u00e1bbiakban arr\u00f3l t\u00e1j\u00e9koztatjuk \u00d6nt arr\u00f3l, hogy milyen adatokat, milyen c\u00e9lb\u00f3l r\u00f6gz\u00edt\u00fcnk, kezel\u00fcnk, illetve, hogy mit tesz\u00fcnk adatai v\u00e9delme \u00e9s az \u00d6n jogainak \u00e9rv\u00e9nyes\u00edthet\u0151s\u00e9ge \u00e9rdek\u00e9ben.<\/p>\n<!-- \/wp:paragraph -->\n\n<!-- wp:paragraph -->\n<p><strong>1. Preambulum<\/strong><\/p>\n<!-- \/wp:paragraph -->\n\n<!-- wp:paragraph -->\n<p>DICKINSON CONSULTING Kommunik\u00e1ci\u00f3s \u00e9s Szolg\u00e1ltat\u00f3 Korl\u00e1tolt Felel\u0151ss\u00e9g\u0171 T\u00e1rsas\u00e1g (1055 Budapest, Szent Istv\u00e1n k\u00f6r\u00fat 13. 3. em. 6\/C.) (a tov\u00e1bbiakban: \u201eAdatkezel\u0151\u201d) tev\u00e9kenys\u00e9ge sor\u00e1n Adatkezel\u0151k\u00e9nt mag\u00e1ra n\u00e9zve k\u00f6telez\u0151nek ismeri el a jelen adatkezel\u00e9si t\u00e1j\u00e9koztat\u00f3 tartalm\u00e1t.<\/p>\n<!-- \/wp:paragraph -->\n\n<!-- wp:paragraph -->\n<p>Az Adatkezel\u0151 a tev\u00e9kenys\u00e9g\u00e9hez kapcsol\u00f3d\u00f3an a partnerek, \u00fcgyfelek, a https:\/\/www.dickinsonconsulting.hu\/ weboldal l\u00e1togat\u00f3i, \u00e9s regisztr\u00e1l\u00f3i, id\u0151pontot foglal\u00f3k (a tov\u00e1bbiakban: \u201e\u00c9rintettek\u201d) a szem\u00e9lyes adatait kezeli. Az Adatkezel\u0151 k\u00f6telezetts\u00e9get v\u00e1llal arra, hogy a honlapon \u00e9s egy\u00e9b m\u00f3don ny\u00fajtott szolg\u00e1ltat\u00e1saival kapcsolatos adatkezel\u00e9s megfeleljen a hat\u00e1lyos jogszab\u00e1lyoknak.<\/p>\n<!-- \/wp:paragraph -->\n\n<!-- wp:paragraph -->\n<p>Az Adatkezel\u0151 tiszteletben tartja az \u00c9rintettek jogait, a hozz\u00e1juk tartoz\u00f3 szem\u00e9lyes adatokat, valamint a tudom\u00e1s\u00e1ra jut\u00f3 valamennyi adatot \u00e9s t\u00e9nyt bizalmasan kezeli, azokat kiz\u00e1r\u00f3lag tev\u00e9kenys\u00e9ge v\u00e9gz\u00e9s\u00e9hez, az adatkezel\u00e9si t\u00e1j\u00e9koztat\u00f3ban megfogalmazott tev\u00e9kenys\u00e9gekhez, t\u00e1j\u00e9koztat\u00f3k, marketing anyagok k\u00fcld\u00e9s\u00e9hez \u00e9s kapcsolattart\u00e1shoz haszn\u00e1lja fel.<\/p>\n<!-- \/wp:paragraph -->\n\n<!-- wp:paragraph -->\n<p>Megfelel\u0151 int\u00e9zked\u00e9seket tesz\u00fcnk annak \u00e9rdek\u00e9ben, hogy az \u00c9rintett r\u00e9sz\u00e9re a szem\u00e9lyes adatok kezel\u00e9s\u00e9re vonatkoz\u00f3 t\u00e1j\u00e9koztat\u00e1st t\u00f6m\u00f6r, \u00e1tl\u00e1that\u00f3, \u00e9rthet\u0151 \u00e9s k\u00f6nnyen hozz\u00e1f\u00e9rhet\u0151 form\u00e1ban, vil\u00e1gosan \u00e9s k\u00f6z\u00e9rthet\u0151en fogalmazzuk meg.<\/p>\n<!-- \/wp:paragraph -->\n\n<!-- wp:paragraph -->\n<p>Az Adatkezel\u0151 fenntartja a jogot, hogy a jelen T\u00e1j\u00e9koztat\u00f3t egyoldal\u00faan m\u00f3dos\u00edtsa az Adatkezel\u0151 \u00e1ltal \u00fczemeltetett https:\/\/www.dickinsonconsulting.hu\/ &nbsp;&nbsp;weboldalon t\u00f6rt\u00e9nt k\u00f6zz\u00e9t\u00e9tellel, ahol a t\u00e1j\u00e9koztat\u00f3 hat\u00e1lyos tartalma folyamatosan megismerhet\u0151.<\/p>\n<!-- \/wp:paragraph -->\n\n<!-- wp:paragraph -->\n<p>Az Adatkezel\u00e9si T\u00e1j\u00e9koztat\u00f3ban t\u00e1masztott k\u00f6vetelm\u00e9nyek \u00f6sszhangban \u00e1llnak az adatv\u00e9delemmel kapcsolatos hat\u00e1lyos jogszab\u00e1lyokkal:<\/p>\n<!-- \/wp:paragraph -->\n\n<!-- wp:list -->\n<ul><li>AZ EUR\u00d3PAI PARLAMENT \u00c9S A TAN\u00c1CS (EU) 2016\/679 RENDELETE a term\u00e9szetes szem\u00e9lyeknek a szem\u00e9lyes adatok kezel\u00e9se tekintet\u00e9ben t\u00f6rt\u00e9n\u0151 v\u00e9delm\u00e9r\u0151l \u00e9s az ilyen adatok szabad \u00e1raml\u00e1s\u00e1r\u00f3l, valamint a 95\/46\/EK rendelet hat\u00e1lyon k\u00edv\u00fcl helyez\u00e9s\u00e9r\u0151l (\u00e1ltal\u00e1nos adatv\u00e9delmi rendelet)<\/li><li>az inform\u00e1ci\u00f3s \u00f6nrendelkez\u00e9si jogr\u00f3l \u00e9s az inform\u00e1ci\u00f3szabads\u00e1gr\u00f3l sz\u00f3l\u00f3 2011. \u00e9vi CXII. t\u00f6rv\u00e9ny \u2013 (Infotv.); a polg\u00e1ri t\u00f6rv\u00e9nyk\u00f6nyvr\u0151l sz\u00f3l\u00f3 2013. \u00e9vi V. t\u00f6rv\u00e9ny<\/li><li>Ptk. szerz\u0151d\u00e9ses adatokra vonatkoz\u00f3 rendelkez\u00e9sei<\/li><\/ul>\n<!-- \/wp:list -->\n\n<!-- wp:list {\"ordered\":true,\"type\":\"1\"} -->\n<ol type=\"1\"><li><strong>Az Adatkezel\u0151 adatai<\/strong><\/li><\/ol>\n<!-- \/wp:list -->\n\n<!-- wp:paragraph -->\n<p>DICKINSON CONSULTING Kommunik\u00e1ci\u00f3s \u00e9s Szolg\u00e1ltat\u00f3 Korl\u00e1tolt Felel\u0151ss\u00e9g\u0171 T\u00e1rsas\u00e1g<\/p>\n<!-- \/wp:paragraph -->\n\n<!-- wp:paragraph -->\n<p>sz\u00e9khely: &nbsp;&nbsp;1055 Budapest, Szent Istv\u00e1n k\u00f6r\u00fat 13. 3. em. 6\/C.<\/p>\n<!-- \/wp:paragraph -->\n\n<!-- wp:paragraph -->\n<p>ad\u00f3sz\u00e1m:&nbsp;&nbsp; 11747697-2-41<\/p>\n<!-- \/wp:paragraph -->\n\n<!-- wp:paragraph -->\n<p>e-mail: PDA@DICKINSONCONSULTING.HU<\/p>\n<!-- \/wp:paragraph -->\n\n<!-- wp:paragraph -->\n<p>telefonsz\u00e1m: +36 20 942 9755<\/p>\n<!-- \/wp:paragraph -->\n\n<!-- wp:paragraph -->\n<p><strong>2. Az adatkezel\u0151 \u00e1ltal \u00fczemeltetett weboldal l\u00e1togat\u00e1sa\/regisztr\u00e1ci\u00f3 \u00e9s kapcsolatfelv\u00e9tel sor\u00e1n az \u00c9rintettek alapfogalmakr\u00f3l sz\u00f3l\u00f3 t\u00e1j\u00e9koztat\u00e1sa<\/strong><\/p>\n<!-- \/wp:paragraph -->\n\n<!-- wp:paragraph -->\n<p><strong>2.1. Szem\u00e9lyes adat<\/strong><\/p>\n<!-- \/wp:paragraph -->\n\n<!-- wp:paragraph -->\n<p>B\u00e1rmely meghat\u00e1rozott (azonos\u00edtott vagy azonos\u00edthat\u00f3) term\u00e9szetes szem\u00e9llyel (a tov\u00e1bbiakban: \u00c9rintett) kapcsolatba hozhat\u00f3 adat, az adatb\u00f3l levonhat\u00f3, az \u00c9rintettre vonatkoz\u00f3 k\u00f6vetkeztet\u00e9s. A szem\u00e9lyes adat az adatkezel\u00e9s sor\u00e1n mindaddig meg\u0151rzi a min\u0151s\u00e9g\u00e9t, am\u00edg kapcsolata az \u00c9rintettel helyre\u00e1ll\u00edthat\u00f3. A szem\u00e9ly k\u00fcl\u00f6n\u00f6sen akkor tekinthet\u0151 azonos\u00edthat\u00f3nak, ha \u0151t - k\u00f6zvetlen\u00fcl vagy k\u00f6zvetve - n\u00e9v, sz\u00e1m, helymeghat\u00e1roz\u00f3 adat, azonos\u00edt\u00f3 jel, illet\u0151leg egy vagy t\u00f6bb, fizikai, fiziol\u00f3giai, genetikai, szellemi, ment\u00e1lis, gazdas\u00e1gi, kultur\u00e1lis vagy szoci\u00e1lis azonoss\u00e1g\u00e1ra jellemz\u0151 egy vagy t\u00f6bb t\u00e9nyez\u0151 alapj\u00e1n azonos\u00edtani lehet.<\/p>\n<!-- \/wp:paragraph -->\n\n<!-- wp:paragraph -->\n<p>Adatkezel\u0151 a regisztr\u00e1ci\u00f3\/ id\u0151pontra jelentkez\u00e9s eset\u00e9n n\u00e9v \u00e9s sz\u00e1madatokat k\u00e9r az \u00c9rintett\u0151l.<\/p>\n<!-- \/wp:paragraph -->\n\n<!-- wp:paragraph -->\n<p><strong>2.2. Hozz\u00e1j\u00e1rul\u00e1s:<\/strong><\/p>\n<!-- \/wp:paragraph -->\n\n<!-- wp:paragraph -->\n<p>Az \u00c9rintett k\u00edv\u00e1ns\u00e1g\u00e1nak \u00f6nk\u00e9ntes \u00e9s hat\u00e1rozott kinyilv\u00e1n\u00edt\u00e1sa, amely megfelel\u0151 t\u00e1j\u00e9koztat\u00e1son alapul, \u00e9s amellyel f\u00e9lre\u00e9rthetetlen beleegyez\u00e9s\u00e9t adja a r\u00e1 vonatkoz\u00f3 szem\u00e9lyes adatok - teljes k\u00f6r\u0171 vagy egyes m\u0171veletekre kiterjed\u0151 \u2013 kezel\u00e9s\u00e9hez.<\/p>\n<!-- \/wp:paragraph -->\n\n<!-- wp:paragraph -->\n<p>Adatkezel\u0151 az oldal\u00e1n a k\u00fcl\u00f6n jelzett ikon\/ablak jel\u00f6l\u00e9ssel k\u00e9ri az \u00c9rintett hozz\u00e1j\u00e1rul\u00e1s\u00e1t, melynek t\u00e9ny\u00e9t az informatikai rendszere r\u00f6gz\u00edti (hozz\u00e1j\u00e1rul\u00e1s megt\u00f6rt\u00e9nt\u00e9t), err\u0151l az \u00c9rintett meger\u0151s\u00edt\u0151 e-mailt kap.<\/p>\n<!-- \/wp:paragraph -->\n\n<!-- wp:paragraph -->\n<p><strong>2.3. Hozz\u00e1j\u00e1rul\u00e1son alapul\u00f3 adatkezel\u00e9s<\/strong><\/p>\n<!-- \/wp:paragraph -->\n\n<!-- wp:paragraph -->\n<p>A weboldal l\u00e1togat\u00e1s\u00e1val kapcsolatos adatok kezel\u00e9s\u00e9hez, tov\u00e1bb\u00e1 c\u00e9lzott rekl\u00e1mc\u00e9l\u00fa t\u00e1j\u00e9koztat\u00f3 (h\u00edrlev\u00e9l) k\u00fcld\u00e9s\u00e9hez k\u00e9rj\u00fck az oldalra l\u00e1togat\u00f3k hozz\u00e1j\u00e1rul\u00e1s\u00e1t.<\/p>\n<!-- \/wp:paragraph -->\n\n<!-- wp:paragraph -->\n<p>A hozz\u00e1j\u00e1rul\u00e1si nyilatkozat megad\u00e1s\u00e1val az \u00c9rintett szem\u00e9lyes adatait a hozz\u00e1j\u00e1rul\u00e1si nyilatkozat visszavon\u00e1s\u00e1ig kezelj\u00fck. A hozz\u00e1j\u00e1rul\u00e1s visszavon\u00e1s\u00e1t k\u00f6vet\u0151en t\u00f6r\u00f6lj\u00fck az \u00c9rintett adatait a nyilv\u00e1ntart\u00e1s\u00e1b\u00f3l.<\/p>\n<!-- \/wp:paragraph -->\n\n<!-- wp:paragraph -->\n<p>Weboldalunkon megadott adatok kezel\u00e9s\u00e9nek jogalapj\u00e1t az \u00c9rintett t\u00e1j\u00e9koztat\u00e1s alapj\u00e1n t\u00f6rt\u00e9n\u0151 hozz\u00e1j\u00e1rul\u00e1sa k\u00e9pezi.<\/p>\n<!-- \/wp:paragraph -->\n\n<!-- wp:paragraph -->\n<p><strong>2.4. Adatkezel\u0151<\/strong><\/p>\n<!-- \/wp:paragraph -->\n\n<!-- wp:paragraph -->\n<p>Az a term\u00e9szetes vagy jogi szem\u00e9ly, illetve jogi szem\u00e9lyis\u00e9ggel nem rendelkez\u0151 szervezet, aki vagy amely a szem\u00e9lyes adatok kezel\u00e9s\u00e9nek c\u00e9lj\u00e1t meghat\u00e1rozza, az adatkezel\u00e9sre (bele\u00e9rtve a felhaszn\u00e1lt eszk\u00f6zt) vonatkoz\u00f3 d\u00f6nt\u00e9seket meghozza \u00e9s v\u00e9grehajtja, vagy az \u00e1ltala megb\u00edzott adatfeldolgoz\u00f3val v\u00e9grehajtatja.<\/p>\n<!-- \/wp:paragraph -->\n\n<!-- wp:paragraph -->\n<p>Jelen esetben az adatkezel\u0151 a weboldalt \u00fczemeltet\u0151 Dickinson Consulting.<\/p>\n<!-- \/wp:paragraph -->\n\n<!-- wp:paragraph -->\n<p><strong>2.5. Adatkezel\u00e9s<\/strong><\/p>\n<!-- \/wp:paragraph -->\n\n<!-- wp:paragraph -->\n<p>Az alkalmazott elj\u00e1r\u00e1st\u00f3l f\u00fcggetlen\u00fcl a szem\u00e9lyes adatokon v\u00e9gzett b\u00e1rmely m\u0171velet vagy a m\u0171veletek \u00f6sszess\u00e9ge, \u00edgy p\u00e9ld\u00e1ul gy\u0171jt\u00e9se, felv\u00e9tele, r\u00f6gz\u00edt\u00e9se, rendszerez\u00e9se, t\u00e1rol\u00e1sa, megv\u00e1ltoztat\u00e1sa, felhaszn\u00e1l\u00e1sa, tov\u00e1bb\u00edt\u00e1sa, nyilv\u00e1noss\u00e1gra hozatala, \u00f6sszehangol\u00e1sa vagy \u00f6sszekapcsol\u00e1sa, z\u00e1rol\u00e1sa, t\u00f6rl\u00e9se \u00e9s megsemmis\u00edt\u00e9se, valamint az adatok tov\u00e1bbi felhaszn\u00e1l\u00e1s\u00e1nak megakad\u00e1lyoz\u00e1sa. Adatkezel\u00e9snek sz\u00e1m\u00edt a f\u00e9nyk\u00e9p-, hang- vagy k\u00e9pfelv\u00e9tel k\u00e9sz\u00edt\u00e9se, valamint a szem\u00e9ly azonos\u00edt\u00e1s\u00e1ra alkalmas fizikai jellemz\u0151k (pl. ujj- vagy teny\u00e9rnyomat, DNS- minta, \u00edrisz k\u00e9p) r\u00f6gz\u00edt\u00e9se is.<\/p>\n<!-- \/wp:paragraph -->\n\n<!-- wp:paragraph -->\n<p>Az adatkezel\u0151 az adatokat \u2013 mint regisztr\u00e1l\u00f3, id\u0151pontot foglal\u00f3, partner\/\u00fcgyf\u00e9ladat \u2013 gy\u0171jti, rendszerezi, t\u00e1rolja \u00e9s felhaszn\u00e1lja.<\/p>\n<!-- \/wp:paragraph -->\n\n<!-- wp:paragraph -->\n<p><strong>2.6. Adattov\u00e1bb\u00edt\u00e1s<\/strong><\/p>\n<!-- \/wp:paragraph -->\n\n<!-- wp:paragraph -->\n<p>Ha az adatot meghat\u00e1rozott harmadik szem\u00e9ly sz\u00e1m\u00e1ra hozz\u00e1f\u00e9rhet\u0151v\u00e9 teszik.<\/p>\n<!-- \/wp:paragraph -->\n\n<!-- wp:paragraph -->\n<p>Jelen esetben ne t\u00f6rt\u00e9nik adattov\u00e1bb\u00edt\u00e1s.<\/p>\n<!-- \/wp:paragraph -->\n\n<!-- wp:paragraph -->\n<p><strong>2.7. Nyilv\u00e1noss\u00e1gra hozatal<\/strong><\/p>\n<!-- \/wp:paragraph -->\n\n<!-- wp:paragraph -->\n<p>Ha az adatot b\u00e1rki sz\u00e1m\u00e1ra hozz\u00e1f\u00e9rhet\u0151v\u00e9 teszik.<\/p>\n<!-- \/wp:paragraph -->\n\n<!-- wp:paragraph -->\n<p><strong>2.8. Adatt\u00f6rl\u00e9s<\/strong><\/p>\n<!-- \/wp:paragraph -->\n\n<!-- wp:paragraph -->\n<p>Az adatok felismerhetetlenn\u00e9 t\u00e9tele oly m\u00f3don, hogy a helyre\u00e1ll\u00edt\u00e1suk t\u00f6bb\u00e9 nem lehets\u00e9ges.<\/p>\n<!-- \/wp:paragraph -->\n\n<!-- wp:paragraph -->\n<p><strong>2.9. Adatz\u00e1rol\u00e1s<\/strong><\/p>\n<!-- \/wp:paragraph -->\n\n<!-- wp:paragraph -->\n<p>Az adatok tov\u00e1bb\u00edt\u00e1s\u00e1nak, megismer\u00e9s\u00e9nek, nyilv\u00e1noss\u00e1gra hozatal\u00e1nak, \u00e1talak\u00edt\u00e1s\u00e1nak, megv\u00e1ltoztat\u00e1s\u00e1nak, megsemmis\u00edt\u00e9s\u00e9nek, t\u00f6rl\u00e9s\u00e9nek, \u00f6sszekapcsol\u00e1s\u00e1nak vagy \u00f6sszehangol\u00e1s\u00e1nak \u00e9s felhaszn\u00e1l\u00e1s\u00e1nak v\u00e9glegesen vagy meghat\u00e1rozott id\u0151re t\u00f6rt\u00e9n\u0151 lehetetlenn\u00e9 t\u00e9tele.<\/p>\n<!-- \/wp:paragraph -->\n\n<!-- wp:paragraph -->\n<p><strong>2.10. Adatmegsemmis\u00edt\u00e9s<\/strong><\/p>\n<!-- \/wp:paragraph -->\n\n<!-- wp:paragraph -->\n<p>Az adatok vagy az azokat tartalmaz\u00f3 adathordoz\u00f3 teljes fizikai megsemmis\u00edt\u00e9se.<\/p>\n<!-- \/wp:paragraph -->\n\n<!-- wp:paragraph -->\n<p><strong>2.11. Adatfeldolgoz\u00e1s<\/strong><\/p>\n<!-- \/wp:paragraph -->\n\n<!-- wp:paragraph -->\n<p>Az adatkezel\u00e9si m\u0171veletekhez kapcsol\u00f3d\u00f3 technikai feladatok elv\u00e9gz\u00e9se, f\u00fcggetlen\u00fcl a m\u0171veletek v\u00e9grehajt\u00e1s\u00e1hoz alkalmazott m\u00f3dszert\u0151l \u00e9s eszk\u00f6zt\u0151l, valamint az alkalmaz\u00e1s hely\u00e9t\u0151l, felt\u00e9ve, hogy a technikai feladatot az adatokon v\u00e9gzik.<\/p>\n<!-- \/wp:paragraph -->\n\n<!-- wp:paragraph -->\n<p><strong>2.12. Adatfeldolgoz\u00f3<\/strong><\/p>\n<!-- \/wp:paragraph -->\n\n<!-- wp:paragraph -->\n<p>Az a term\u00e9szetes vagy jogi szem\u00e9ly, illetve jogi szem\u00e9lyis\u00e9ggel nem rendelkez\u0151 szervezet, aki vagy amely az adatkezel\u0151 megb\u00edz\u00e1s\u00e1b\u00f3l - bele\u00e9rtve a jogszab\u00e1ly rendelkez\u00e9se alapj\u00e1n t\u00f6rt\u00e9n\u0151 megb\u00edz\u00e1st is - szem\u00e9lyes adatok feldolgoz\u00e1s\u00e1t v\u00e9gzi.<\/p>\n<!-- \/wp:paragraph -->\n\n<!-- wp:paragraph -->\n<p><strong>2.13. Harmadik szem\u00e9ly<\/strong><\/p>\n<!-- \/wp:paragraph -->\n\n<!-- wp:paragraph -->\n<p>Az a term\u00e9szetes vagy jogi szem\u00e9ly, k\u00f6zhatalmi szerv, \u00fcgyn\u00f6ks\u00e9g vagy b\u00e1rmely egy\u00e9b szerv, amely nem azonos az \u00c9rintettel, az adatkezel\u0151vel, az adatfeldolgoz\u00f3val vagy azokkal a szem\u00e9lyekkel, akik az adatkezel\u0151 vagy adatfeldolgoz\u00f3 k\u00f6zvetlen ir\u00e1ny\u00edt\u00e1sa alatt a szem\u00e9lyes adatok kezel\u00e9s\u00e9re felhatalmaz\u00e1st kaptak.<\/p>\n<!-- \/wp:paragraph -->\n\n<!-- wp:paragraph -->\n<p><strong>2.14. EGT-\u00e1llam<\/strong><\/p>\n<!-- \/wp:paragraph -->\n\n<!-- wp:paragraph -->\n<p>Az Eur\u00f3pai Uni\u00f3 tag\u00e1llama \u00e9s az Eur\u00f3pai Gazdas\u00e1gi T\u00e9rs\u00e9gr\u0151l sz\u00f3l\u00f3 meg\u00e1llapod\u00e1sban r\u00e9szes m\u00e1s \u00e1llam, tov\u00e1bb\u00e1 az az \u00e1llam, amelynek \u00e1llampolg\u00e1ra az Eur\u00f3pai K\u00f6z\u00f6ss\u00e9g \u00e9s tag\u00e1llamai, valamint az Eur\u00f3pai Gazdas\u00e1gi T\u00e9rs\u00e9gr\u0151l sz\u00f3l\u00f3 meg\u00e1llapod\u00e1sban nem r\u00e9szes \u00e1llam k\u00f6z\u00f6tt l\u00e9trej\u00f6tt nemzetk\u00f6zi szerz\u0151d\u00e9s alapj\u00e1n az Eur\u00f3pai Gazdas\u00e1gi T\u00e9rs\u00e9gr\u0151l sz\u00f3l\u00f3 meg\u00e1llapod\u00e1sban r\u00e9szes \u00e1llam \u00e1llampolg\u00e1r\u00e1val azonos jog\u00e1ll\u00e1st \u00e9lvez.<\/p>\n<!-- \/wp:paragraph -->\n\n<!-- wp:paragraph -->\n<p><strong>2.15. Harmadik orsz\u00e1g:<\/strong><\/p>\n<!-- \/wp:paragraph -->\n\n<!-- wp:paragraph -->\n<p>Minden olyan \u00e1llam, amely nem EGT-\u00e1llam.<\/p>\n<!-- \/wp:paragraph -->\n\n<!-- wp:paragraph -->\n<p><strong>2.16. Adatv\u00e9delmi incidens<\/strong><\/p>\n<!-- \/wp:paragraph -->\n\n<!-- wp:paragraph -->\n<p>A biztons\u00e1g olyan s\u00e9r\u00fcl\u00e9se, amely a tov\u00e1bb\u00edtott, t\u00e1rolt vagy m\u00e1s m\u00f3don kezelt szem\u00e9lyes adatok v\u00e9letlen vagy jogellenes megsemmis\u00edt\u00e9s\u00e9t, elveszt\u00e9s\u00e9t, megv\u00e1ltoztat\u00e1s\u00e1t, jogosulatlan k\u00f6zl\u00e9s\u00e9t vagy az azokhoz val\u00f3 jogosulatlan hozz\u00e1f\u00e9r\u00e9st eredm\u00e9nyezi.<\/p>\n<!-- \/wp:paragraph -->\n\n<!-- wp:paragraph -->\n<p><strong>2.17. Biztons\u00e1gi esem\u00e9ny<\/strong><\/p>\n<!-- \/wp:paragraph -->\n\n<!-- wp:paragraph -->\n<p>Minden esem\u00e9ny, amelynek k\u00e1ros kihat\u00e1sa lehet az informatikai eszk\u00f6z vagy az azon t\u00e1rolt adatok bizalmass\u00e1g\u00e1ra, s\u00e9rtetlens\u00e9g\u00e9re, illetve rendelkez\u00e9sre \u00e1ll\u00e1s\u00e1ra.<\/p>\n<!-- \/wp:paragraph -->\n\n<!-- wp:paragraph -->\n<p><strong>2.18. Bizalmass\u00e1g (titkoss\u00e1g)<\/strong><\/p>\n<!-- \/wp:paragraph -->\n\n<!-- wp:paragraph -->\n<p>Az adat azon jellemz\u0151je, hogy csak egy el\u0151re meghat\u00e1rozott felhaszn\u00e1l\u00f3i k\u00f6r (jogosultak) r\u00e9sz\u00e9re enged\u00e9lyezett a hozz\u00e1f\u00e9r\u00e9s, mindenki m\u00e1s hozz\u00e1f\u00e9r\u00e9se illeg\u00e1lis.<\/p>\n<!-- \/wp:paragraph -->\n\n<!-- wp:paragraph -->\n<p><strong>2.19. S\u00e9rtetlens\u00e9g<\/strong><\/p>\n<!-- \/wp:paragraph -->\n\n<!-- wp:paragraph -->\n<p>Az adat l\u00e9t\u00e9nek, hiteless\u00e9g\u00e9nek, \u00e9ps\u00e9g\u00e9nek, \u00f6nmag\u00e1ban teljess\u00e9g\u00e9nek krit\u00e9riuma, ami biztos\u00edtja, hogy az adatot, inform\u00e1ci\u00f3t vagy programot csak az arra jogosultak v\u00e1ltoztathatj\u00e1k meg \u00e9s azok \u00e9szrev\u00e9tlen\u00fcl nem m\u00f3dosulhatnak.<\/p>\n<!-- \/wp:paragraph -->\n\n<!-- wp:paragraph -->\n<p><strong>2.20. Szab\u00e1lyzat<\/strong><\/p>\n<!-- \/wp:paragraph -->\n\n<!-- wp:paragraph -->\n<p>Az Adatkezel\u0151 Adatkezel\u00e9si Szab\u00e1lyzata.<\/p>\n<!-- \/wp:paragraph -->\n\n<!-- wp:paragraph -->\n<p><strong>2.21. Adatok megismer\u00e9se, felhaszn\u00e1l\u00e1sa, tov\u00e1bb\u00edt\u00e1sa<\/strong><\/p>\n<!-- \/wp:paragraph -->\n\n<!-- wp:paragraph -->\n<p>Az \u00c9rintettekr\u0151l t\u00e1rolt szem\u00e9lyes adatot csak az a szem\u00e9ly jogosult megismerni, akinek ez a k\u00f6telezetts\u00e9gei \u00e9rv\u00e9nyes\u00edt\u00e9s\u00e9hez sz\u00fcks\u00e9ges. A szem\u00e9lyes adatot kezel\u0151, vagy egy\u00e9b okb\u00f3l annak megismer\u00e9s\u00e9re jogosult szem\u00e9ly nev\u00e9t, az adatok megismer\u00e9s\u00e9nek ok\u00e1t \u00e9s idej\u00e9t jegyz\u0151k\u00f6nyvben kell r\u00f6gz\u00edteni.<\/p>\n<!-- \/wp:paragraph -->\n\n<!-- wp:paragraph -->\n<p>Felhaszn\u00e1l\u00e1snak az min\u0151s\u00fcl, ha a szem\u00e9lyes adatot b\u00edr\u00f3s\u00e1gi vagy m\u00e1s hat\u00f3s\u00e1gi elj\u00e1r\u00e1sban bizony\u00edt\u00e9kk\u00e9nt felhaszn\u00e1lj\u00e1k. Az, akinek jog\u00e1t vagy jogos \u00e9rdek\u00e9t a szem\u00e9lyes adat\u00e1nak r\u00f6gz\u00edt\u00e9se \u00e9rinti, a szem\u00e9lyes adat r\u00f6gz\u00edt\u00e9s\u00e9t\u0151l sz\u00e1m\u00edtott 3 (h\u00e1rom) munkanapon bel\u00fcl jog\u00e1nak vagy jogos \u00e9rdek\u00e9nek igazol\u00e1s\u00e1val k\u00e9rheti, hogy az adatot annak kezel\u0151je ne semmis\u00edtse meg, illetve ne t\u00f6r\u00f6lje. B\u00edr\u00f3s\u00e1g vagy m\u00e1s hat\u00f3s\u00e1g megkeres\u00e9s\u00e9re a szem\u00e9lyes adatot a b\u00edr\u00f3s\u00e1gnak vagy a hat\u00f3s\u00e1gnak halad\u00e9ktalanul meg kell k\u00fcldeni. Amennyiben megkeres\u00e9sre att\u00f3l sz\u00e1m\u00edtott 30 (harminc) napon bel\u00fcl, hogy a megsemmis\u00edt\u00e9s mell\u0151z\u00e9s\u00e9t k\u00e9rt\u00e9k, nem ker\u00fcl sor, a r\u00f6gz\u00edtett k\u00e9p-, \u00e9s\/vagy hangfelv\u00e9telt, valamint m\u00e1s szem\u00e9lyes adatot meg kell semmis\u00edteni, illetve t\u00f6r\u00f6lni kell.<\/p>\n<!-- \/wp:paragraph -->\n\n<!-- wp:paragraph -->\n<p>Szem\u00e9lyes adat harmadik szem\u00e9lyeknek csak az \u00c9rintett el\u0151zetes \u00edr\u00e1sbeli hozz\u00e1j\u00e1rul\u00e1sa eset\u00e9n adhat\u00f3 \u00e1t. Ez nem vonatkozik az Adatkezel\u00e9si T\u00e1j\u00e9koztat\u00f3 \u00e1ltal ismertetett adatkezel\u00e9sekre, illetve az esetleges, t\u00f6rv\u00e9ny alapj\u00e1n k\u00f6telez\u0151 adattov\u00e1bb\u00edt\u00e1sokra, amelyekre csak rendk\u00edv\u00fcli esetekben ker\u00fclhet sor.<\/p>\n<!-- \/wp:paragraph -->\n\n<!-- wp:paragraph -->\n<p><strong>2.22. Tiltakoz\u00e1s<\/strong><\/p>\n<!-- \/wp:paragraph -->\n\n<!-- wp:paragraph -->\n<p>Az \u00c9rintett nyilatkozata, amellyel szem\u00e9lyes adatainak kezel\u00e9s\u00e9t kifog\u00e1solja, \u00e9s az adatkezel\u00e9s megsz\u00fcntet\u00e9s\u00e9t, illetve a kezelt adatok t\u00f6rl\u00e9s\u00e9t k\u00e9ri.<\/p>\n<!-- \/wp:paragraph -->\n\n<!-- wp:paragraph -->\n<p><strong>3. Adatv\u00e9delmi alapelvek<\/strong><\/p>\n<!-- \/wp:paragraph -->\n\n<!-- wp:paragraph -->\n<p><strong>A szem\u00e9lyes adatok:<\/strong><\/p>\n<!-- \/wp:paragraph -->\n\n<!-- wp:paragraph -->\n<p>a) kezel\u00e9s\u00e9t jogszer\u0171en \u00e9s tisztess\u00e9gesen, valamint az \u00c9rintett sz\u00e1m\u00e1ra \u00e1tl\u00e1that\u00f3 m\u00f3don kell v\u00e9gezni (\u201ejogszer\u0171s\u00e9g, tisztess\u00e9ges elj\u00e1r\u00e1s \u00e9s \u00e1tl\u00e1that\u00f3s\u00e1g\u201d)<\/p>\n<!-- \/wp:paragraph -->\n\n<!-- wp:paragraph -->\n<p>b) begy\u0171jt\u00e9se csak meghat\u00e1rozott, egy\u00e9rtelm\u0171 \u00e9s jogszer\u0171 c\u00e9lb\u00f3l t\u00f6rt\u00e9njen, \u00e9s azokat ne kezelj\u00e9k ezekkel a c\u00e9lokkal \u00f6ssze nem egyeztethet\u0151 m\u00f3don<\/p>\n<!-- \/wp:paragraph -->\n\n<!-- wp:paragraph -->\n<p>c) az adatkezel\u00e9s c\u00e9ljai szempontj\u00e1b\u00f3l megfelel\u0151ek \u00e9s relev\u00e1nsak kell, hogy legyenek, \u00e9s a sz\u00fcks\u00e9gesre kell korl\u00e1toz\u00f3dniuk (\u201eadattakar\u00e9koss\u00e1g\u201d)<\/p>\n<!-- \/wp:paragraph -->\n\n<!-- wp:paragraph -->\n<p>d) pontosnak \u00e9s sz\u00fcks\u00e9g eset\u00e9n naprak\u00e9sznek kell lenni\u00fck; minden \u00e9sszer\u0171 int\u00e9zked\u00e9st meg kell tenni annak \u00e9rdek\u00e9ben, hogy az adatkezel\u00e9s c\u00e9ljai szempontj\u00e1b\u00f3l pontatlan szem\u00e9lyes adatokat halad\u00e9ktalanul t\u00f6r\u00f6lj\u00e9k vagy helyesb\u00edts\u00e9k (\u201epontoss\u00e1g\u201d)<\/p>\n<!-- \/wp:paragraph -->\n\n<!-- wp:paragraph -->\n<p>e) t\u00e1rol\u00e1s\u00e1nak olyan form\u00e1ban kell t\u00f6rt\u00e9nnie, amely az \u00c9rintettek azonos\u00edt\u00e1s\u00e1t csak a szem\u00e9lyes adatok kezel\u00e9se c\u00e9ljainak el\u00e9r\u00e9s\u00e9hez sz\u00fcks\u00e9ges ideig teszi lehet\u0151v\u00e9<\/p>\n<!-- \/wp:paragraph -->\n\n<!-- wp:paragraph -->\n<p>f) kezel\u00e9s\u00e9t oly m\u00f3don kell v\u00e9gezni, hogy megfelel\u0151 technikai vagy szervez\u00e9si int\u00e9zked\u00e9sek alkalmaz\u00e1s\u00e1val biztos\u00edtva legyen a szem\u00e9lyes adatok megfelel\u0151 biztons\u00e1ga, az adatok jogosulatlan vagy jogellenes kezel\u00e9s\u00e9vel, v\u00e9letlen elveszt\u00e9s\u00e9vel, megsemmis\u00edt\u00e9s\u00e9vel vagy k\u00e1rosod\u00e1s\u00e1val szembeni v\u00e9delmet is ide\u00e9rtve (\u201eintegrit\u00e1s \u00e9s bizalmas jelleg\u201d)<\/p>\n<!-- \/wp:paragraph -->\n\n<!-- wp:paragraph -->\n<p>Az adatkezel\u0151 felel\u0151s a fentieknek val\u00f3 megfelel\u00e9s\u00e9rt, tov\u00e1bb\u00e1 k\u00e9pesnek kell lennie e megfelel\u00e9s igazol\u00e1s\u00e1ra (\u201eelsz\u00e1moltathat\u00f3s\u00e1g\u201d).<\/p>\n<!-- \/wp:paragraph -->\n\n<!-- wp:paragraph -->\n<p><strong>4. Az adatkezel\u00e9s r\u00e9szletes szab\u00e1lyai<\/strong><\/p>\n<!-- \/wp:paragraph -->\n\n<!-- wp:paragraph -->\n<p>Az adatokhoz hozz\u00e1f\u00e9r\u0151k k\u00f6re:<\/p>\n<!-- \/wp:paragraph -->\n\n<!-- wp:list -->\n<ul><li>az Adatkezel\u0151 munkat\u00e1rsai<\/li><\/ul>\n<!-- \/wp:list -->\n\n<!-- wp:paragraph -->\n<p>Az Adatkezel\u0151 id\u0151beli korl\u00e1toz\u00e1s n\u00e9lk\u00fcli szigor\u00fa titoktart\u00e1si k\u00f6telezetts\u00e9get v\u00e1llal az \u00e1ltala kezelt szem\u00e9lyes adatok vonatkoz\u00e1s\u00e1ban, azokat \u2013 az \u00c9rintett hozz\u00e1j\u00e1rul\u00e1s\u00e1t\u00f3l \u00e9s a jelen T\u00e1j\u00e9koztat\u00f3ban ismertetett adatkezel\u00e9sekt\u0151l elt\u00e9r\u0151en \u2013 nem hozhatja harmadik szem\u00e9ly tudom\u00e1s\u00e1ra.<\/p>\n<!-- \/wp:paragraph -->\n\n<!-- wp:paragraph -->\n<p>Az Adatkezel\u0151 munkat\u00e1rsai szerz\u0151d\u00e9sben v\u00e1llalj\u00e1k, hogy a r\u00e1juk b\u00edzott, \u00e1ltaluk gy\u0171jt\u00f6tt, \u00e1ltaluk feldolgozott, illetve megismert adatokat a jelen T\u00e1j\u00e9koztat\u00f3 \u00e9s az Adatkezel\u00e9si Szab\u00e1lyzat\u00e1nak el\u0151\u00edr\u00e1sai szerint bizalmasan kezelik, s azokat nem hozz\u00e1k harmadik szem\u00e9ly tudom\u00e1s\u00e1ra.<\/p>\n<!-- \/wp:paragraph -->\n\n<!-- wp:paragraph -->\n<p>A hozz\u00e1j\u00e1rul\u00e1s visszavon\u00e1sa nem \u00e9rinti a kor\u00e1bbi adatkezel\u00e9s jogszer\u0171s\u00e9g\u00e9t.<\/p>\n<!-- \/wp:paragraph -->\n\n<!-- wp:paragraph -->\n<p><strong>4.1. A Weboldal l\u00e1togat\u00e1sa<\/strong><\/p>\n<!-- \/wp:paragraph -->\n\n<!-- wp:paragraph -->\n<p><strong>Az adatkezel\u00e9s c\u00e9lja<\/strong><\/p>\n<!-- \/wp:paragraph -->\n\n<!-- wp:paragraph -->\n<p>A weboldal haszn\u00e1lat\u00e1val az \u00c9RINTETT (https:\/\/www.dickinsonconsulting.hu\/weboldal haszn\u00e1l\u00f3ja) t\u00e1j\u00e9koz\u00f3dhat az Adatkezel\u0151 \u00e1ltal ny\u00fajtott szolg\u00e1ltat\u00e1sokr\u00f3l.<\/p>\n<!-- \/wp:paragraph -->\n\n<!-- wp:paragraph -->\n<p><strong>A kezelt adatok k\u00f6re \u00e9s az adatkezel\u00e9s r\u00e9szletes c\u00e9ljai<\/strong><\/p>\n<!-- \/wp:paragraph -->\n\n<!-- wp:list -->\n<ul><li>Az \u00c9rintett (a https:\/\/www.dickinsonconsulting.hu\/&nbsp;weboldal haszn\u00e1l\u00f3ja): honlap l\u00e1togat\u00e1sa sor\u00e1n a szolg\u00e1ltat\u00f3 a szolg\u00e1ltat\u00e1sok m\u0171k\u00f6d\u00e9s\u00e9nek ellen\u0151rz\u00e9se, a vissza\u00e9l\u00e9sek megakad\u00e1lyoz\u00e1sa \u00e9rdek\u00e9ben r\u00f6gz\u00edti a l\u00e1togat\u00f3i adatokat.<\/li><li>IP-c\u00edme: azonos\u00edt\u00e1s<\/li><\/ul>\n<!-- \/wp:list -->\n\n<!-- wp:paragraph -->\n<p><strong>Az adatkezel\u00e9s jogalapja:<\/strong><\/p>\n<!-- \/wp:paragraph -->\n\n<!-- wp:paragraph -->\n<p>Az adatkezel\u00e9s jogalapja az \u00c9rintett hozz\u00e1j\u00e1rul\u00e1sa (GDPR. 6. cikk (1) bekezd\u00e9s a,).<\/p>\n<!-- \/wp:paragraph -->\n\n<!-- wp:paragraph -->\n<p><strong>Az adatkezel\u00e9s id\u0151tartama<\/strong><\/p>\n<!-- \/wp:paragraph -->\n\n<!-- wp:paragraph -->\n<p>Az Adatkezel\u0151 a szem\u00e9lyes adatokat az \u00c9rintett hozz\u00e1j\u00e1rul\u00e1s\u00e1nak visszavon\u00e1s\u00e1ig \u0151rzi meg, ennek hi\u00e1ny\u00e1ban a weboldal elhagy\u00e1sa ut\u00e1n 180 nappal t\u00f6rl\u00e9sre ker\u00fclnek a szem\u00e9lyes adatok. Az \u00c9rintettek b\u00e1rmikor visszavonhatj\u00e1k hozz\u00e1j\u00e1rul\u00e1sukat, postai \u00faton 1055 Budapest, Szent Istv\u00e1n k\u00f6r\u00fat 13. 3. em. 6\/C.) elektronikusan pedig a&nbsp;PDA@DICKINSONCONSULTING.HU c\u00edmre k\u00fcld\u00f6tt \u00fczenet\u00fckben k\u00e9rhetik szem\u00e9lyes adataik t\u00f6rl\u00e9s\u00e9t.<\/p>\n<!-- \/wp:paragraph -->\n\n<!-- wp:paragraph -->\n<p><strong>4.2. A honlapunkon elhelyezett s\u00fctikkel (cookie) kapcsolatos adatkezel\u00e9s<\/strong><\/p>\n<!-- \/wp:paragraph -->\n\n<!-- wp:paragraph -->\n<p><strong>Az adatkezel\u00e9s c\u00e9lja<\/strong><\/p>\n<!-- \/wp:paragraph -->\n\n<!-- wp:paragraph -->\n<p>Az Adatkezel\u0151&nbsp;<a href=\"https:\/\/www.dickinsonconsulting.hu\/\">https:\/\/www.dickinsonconsulting.hu\/<\/a> weboldal\u00e1n el\u00e9rhet\u0151 szolg\u00e1ltat\u00e1sai egyedi azonos\u00edt\u00f3kat, \u00fagynevezett cookie-kat helyeznek el az \u00c9rintettek (felhaszn\u00e1l\u00f3k) sz\u00e1m\u00edt\u00f3g\u00e9p\u00e9n. Ezek kiz\u00e1r\u00f3lag a l\u00e1togat\u00f3 aktu\u00e1lis munkamenet\u00e9nek azonos\u00edt\u00e1s\u00e1ra, az annak sor\u00e1n megadott adatok t\u00e1rol\u00e1s\u00e1ra, az adatveszt\u00e9s megakad\u00e1lyoz\u00e1s\u00e1ra, a Google Analytics haszn\u00e1lat\u00e1val az \u00c9rintetti szok\u00e1sok anonim m\u00f3don t\u00f6rt\u00e9n\u0151 elemz\u00e9s\u00e9re terjed ki. Ilyen adat lehet a l\u00e1togat\u00f3 IP c\u00edme, l\u00e1togat\u00e1s id\u0151pontja \u00e9s id\u0151tartama, felkeresett oldalak, stb. Ezek az adatok t\u00e1rol\u00e1sra ker\u00fclnek, amiket bizalmasan kezel\u00fcnk, \u00e9s kiz\u00e1r\u00f3lag csak az Adatkezel\u0151 honlapj\u00e1nak a tov\u00e1bb fejleszt\u00e9s\u00e9hez, statisztika k\u00e9sz\u00edt\u00e9s\u00e9hez haszn\u00e1ljuk fel.<\/p>\n<!-- \/wp:paragraph -->\n\n<!-- wp:paragraph -->\n<p>A cookie-k m\u0171k\u00f6d\u00e9s\u00e9nek, m\u0171k\u00f6dtet\u00e9s\u00e9nek r\u00e9szleteit a T\u00e1j\u00e9koztat\u00f3 10. pontj\u00e1ban ismertetj\u00fck.<\/p>\n<!-- \/wp:paragraph -->\n\n<!-- wp:paragraph -->\n<p><strong>A kezelt adatok k\u00f6re \u00e9s az adatkezel\u00e9s r\u00e9szletes c\u00e9lja<\/strong><\/p>\n<!-- \/wp:paragraph -->\n\n<!-- wp:list -->\n<ul><li>Az \u00c9rintett (<a href=\"https:\/\/www.dickinsonconsulting.hu\/\">https:\/\/www.dickinsonconsulting.hu\/<\/a> weboldal haszn\u00e1l\u00f3ja)<\/li><li>IP-c\u00edme: azonos\u00edt\u00e1s, tan\u00fas\u00edt\u00e1s<\/li><li>L\u00e1togat\u00e1s id\u0151pontja \u00e9s id\u0151tartama: azonos\u00edt\u00e1s, tan\u00fas\u00edt\u00e1s<\/li><li>Cookie elfogad\u00e1s\u00e1nak id\u0151pontja: azonos\u00edt\u00e1s, tan\u00fas\u00edt\u00e1s<\/li><li>Cookie elfogad\u00e1s\u00e1nak a t\u00e9nye: a hozz\u00e1j\u00e1rul\u00e1s meger\u0151s\u00edt\u00e9se<\/li><\/ul>\n<!-- \/wp:list -->\n\n<!-- wp:paragraph -->\n<p><strong>Az adatkezel\u00e9s jogalapja<\/strong><\/p>\n<!-- \/wp:paragraph -->\n\n<!-- wp:paragraph -->\n<p>Az adatkezel\u00e9s jogalapja az \u00c9rintett hozz\u00e1j\u00e1rul\u00e1sa (GDPR. 6. cikk (1) bekezd\u00e9s a,).<\/p>\n<!-- \/wp:paragraph -->\n\n<!-- wp:paragraph -->\n<p>A cookie-k haszn\u00e1lat\u00e1t a l\u00e1togat\u00f3 az adott honlap kezd\u0151lapj\u00e1n megjelen\u0151 felugr\u00f3 ablak seg\u00edts\u00e9g\u00e9vel, a \u201dRendben\u201d gombra kattintva hagyhatja j\u00f3v\u00e1. Az Adatkezel\u0151 honlapj\u00e1nak megl\u00e1togat\u00e1s\u00e1val \u00e9s a cookie elfogad\u00e1s\u00e1val elfogadja az al\u00e1bbi felt\u00e9teleket, m\u00e9g akkor is, ha nem regisztr\u00e1lt az \u00c9rintett. A cookie-t a felhaszn\u00e1l\u00f3 k\u00e9pes t\u00f6r\u00f6lni saj\u00e1t sz\u00e1m\u00edt\u00f3g\u00e9p\u00e9r\u0151l, illetve letilthatja b\u00f6ng\u00e9sz\u0151j\u00e9ben a cookie-k alkalmaz\u00e1s\u00e1t.<\/p>\n<!-- \/wp:paragraph -->\n\n<!-- wp:paragraph -->\n<p><strong>Az adatkezel\u00e9s id\u0151tartama<\/strong><\/p>\n<!-- \/wp:paragraph -->\n\n<!-- wp:paragraph -->\n<p>Az Adatkezel\u0151 a szem\u00e9lyes adatokat az \u00c9rintett hozz\u00e1j\u00e1rul\u00e1s\u00e1nak visszavon\u00e1s\u00e1ig \u0151rzi meg. Az \u00c9rintettek b\u00e1rmikor visszavonhatj\u00e1k hozz\u00e1j\u00e1rul\u00e1sukat \u00faton a 1055 Budapest, Szent Istv\u00e1n k\u00f6r\u00fat 13. 3. em. 6\/C.) elektronikusan pedig a&nbsp;PDA@DICKINSONCONSULTING.HU c\u00edmre k\u00fcld\u00f6tt \u00fczenet\u00fckben k\u00e9rhetik szem\u00e9lyes adataik t\u00f6rl\u00e9s\u00e9t. Visszavon\u00e1s hi\u00e1ny\u00e1ban a honlap megl\u00e1togat\u00e1s\u00e1t\u00f3l sz\u00e1m\u00edtott maximum 30 napot k\u00f6vet\u0151en t\u00f6r\u00f6lj\u00fck az adatokat.<\/p>\n<!-- \/wp:paragraph -->\n\n<!-- wp:paragraph -->\n<p><strong>4.3. Kapcsolatfelv\u00e9tel, inform\u00e1ci\u00f3k\u00e9r\u00e9s, id\u0151pontk\u00e9r\u00e9s teljes\u00edt\u00e9se<\/strong><\/p>\n<!-- \/wp:paragraph -->\n\n<!-- wp:paragraph -->\n<p><strong>Az adatkezel\u00e9s c\u00e9lja<\/strong><\/p>\n<!-- \/wp:paragraph -->\n\n<!-- wp:paragraph -->\n<p>Az \u00c9rintettek k\u00e9rd\u00e9sekkel, inform\u00e1ci\u00f3k\u00e9r\u00e9sekkel fordulhatnak az Adatkezel\u0151h\u00f6z. A megadott adatok t\u00e1rol\u00e1s\u00e1val az Adatkezel\u0151 k\u00e9pes azonos\u00edtani a k\u00e9rdez\u0151t, illetve eljuttatni a v\u00e1laszt, vagy az \u00c9rintett sz\u00e1m\u00e1ra sz\u00fcks\u00e9ges inform\u00e1ci\u00f3kat.<\/p>\n<!-- \/wp:paragraph -->\n\n<!-- wp:paragraph -->\n<p><strong>A kezelt adatok k\u00f6re \u00e9s az adatkezel\u00e9s r\u00e9szletes c\u00e9lja<\/strong><\/p>\n<!-- \/wp:paragraph -->\n\n<!-- wp:paragraph -->\n<p>Az \u00c9rintett szem\u00e9lyes adatai:<\/p>\n<!-- \/wp:paragraph -->\n\n<!-- wp:list -->\n<ul><li>Teljes n\u00e9v: azonos\u00edt\u00e1s, kapcsolattart\u00e1s<\/li><li>E-mail c\u00edm: azonos\u00edt\u00e1s, kapcsolattart\u00e1s<\/li><li>Telefonsz\u00e1m: azonos\u00edt\u00e1s, kapcsolattart\u00e1s<\/li><\/ul>\n<!-- \/wp:list -->\n\n<!-- wp:paragraph -->\n<p>&nbsp;A kapcsolatfelv\u00e9tel t\u00e9m\u00e1ja\/v\u00e1lasztott szolg\u00e1ltat\u00e1s.<\/p>\n<!-- \/wp:paragraph -->\n\n<!-- wp:paragraph -->\n<p>&nbsp;A kapcsolatfelv\u00e9telhez kapcsol\u00f3d\u00f3 sz\u00f6veg\/\u00fczenet tartalma.<\/p>\n<!-- \/wp:paragraph -->\n\n<!-- wp:paragraph -->\n<p><strong>Az adatkezel\u00e9s jogalapja<\/strong><\/p>\n<!-- \/wp:paragraph -->\n\n<!-- wp:paragraph -->\n<p>Az adatkezel\u00e9s jogalapja az \u00c9rintett hozz\u00e1j\u00e1rul\u00e1sa (GDPR 6. cikk (1) bekezd\u00e9s a) pont).<\/p>\n<!-- \/wp:paragraph -->\n\n<!-- wp:paragraph -->\n<p><strong>Az adatkezel\u00e9s id\u0151tartama<\/strong><\/p>\n<!-- \/wp:paragraph -->\n\n<!-- wp:paragraph -->\n<p>Az Adatkezel\u0151 a szem\u00e9lyes adatokat az \u00c9rintett hozz\u00e1j\u00e1rul\u00e1s\u00e1nak visszavon\u00e1s\u00e1ig \u0151rzi meg. Az \u00c9rintettek b\u00e1rmikor visszavonhatj\u00e1k hozz\u00e1j\u00e1rul\u00e1sukat \u00e9s k\u00e9rhetik szem\u00e9lyes adataik t\u00f6rl\u00e9s\u00e9t, postai \u00faton a 1055 Budapest, Szent Istv\u00e1n k\u00f6r\u00fat 13. 3. em. 6\/C.) elektronikusan pedig a&nbsp;PDA@DICKINSONCONSULTING.HU c\u00edmre k\u00fcld\u00f6tt \u00fczenet\u00fckben k\u00e9rhetik szem\u00e9lyes adataik t\u00f6rl\u00e9s\u00e9t.<\/p>\n<!-- \/wp:paragraph -->\n\n<!-- wp:paragraph -->\n<p><strong>4.4. Regisztr\u00e1ci\u00f3 \u2013 SAY HELLO - kapcs\u00e1n megadott adatok tov\u00e1bbi felhaszn\u00e1l\u00e1s\u00e1hoz kapcsol\u00f3d\u00f3 adatkezel\u00e9s<\/strong><\/p>\n<!-- \/wp:paragraph -->\n\n<!-- wp:paragraph -->\n<p><strong>Az adatkezel\u00e9s c\u00e9lja<\/strong><\/p>\n<!-- \/wp:paragraph -->\n\n<!-- wp:paragraph -->\n<p>Az \u00c9rintettnek ahhoz, hogy az Adatkezel\u0151 szolg\u00e1ltat\u00e1sait ig\u00e9nybe vegye online regisztr\u00e1ci\u00f3s lapot kell kit\u00f6ltenie. Az egyes szolg\u00e1ltat\u00e1sok ig\u00e9nybev\u00e9tel\u00e9n\u00e9l a kezelt adatok tov\u00e1bbi felhaszn\u00e1l\u00e1sra ker\u00fclnek, \u00edgy a k\u00e9s\u0151bbiekben egyszer\u0171bben lehet azokat biztos\u00edtani az adatkezel\u0151 munkat\u00e1rsai \u00e1ltal a kor\u00e1bban r\u00e9szletezettek szerint<\/p>\n<!-- \/wp:paragraph -->\n\n<!-- wp:paragraph -->\n<p><strong>A kezelt adatok k\u00f6re \u00e9s az adatkezel\u00e9s r\u00e9szletes c\u00e9ljai<\/strong><\/p>\n<!-- \/wp:paragraph -->\n\n<!-- wp:list -->\n<ul><li>Vezet\u00e9kn\u00e9v: azonos\u00edt\u00e1shoz, kommunik\u00e1ci\u00f3hoz, szerz\u0151d\u00e9s teljes\u00edt\u00e9s\u00e9hez sz\u00fcks\u00e9ges.<\/li><li>Keresztn\u00e9v: azonos\u00edt\u00e1shoz, kommunik\u00e1ci\u00f3hoz, szerz\u0151d\u00e9s teljes\u00edt\u00e9s\u00e9hez sz\u00fcks\u00e9ges.<\/li><li>E-mail c\u00edm: kapcsolattart\u00e1shoz \u00e9s nyerem\u00e9ny elk\u00fcld\u00e9s\u00e9hez (ingyenes marketing csomag) sz\u00fcks\u00e9ges.<\/li><\/ul>\n<!-- \/wp:list -->\n\n<!-- wp:paragraph -->\n<p><strong>Az adatkezel\u00e9s jogalapja<\/strong><\/p>\n<!-- \/wp:paragraph -->\n\n<!-- wp:paragraph -->\n<p>Az adatkezel\u00e9s jogalapja az \u00c9rintett hozz\u00e1j\u00e1rul\u00e1sa (GDPR 6. cikk (1) bekezd\u00e9s a) pont).<\/p>\n<!-- \/wp:paragraph -->\n\n<!-- wp:paragraph -->\n<p><strong>Az adatkezel\u00e9s id\u0151tartama<\/strong><\/p>\n<!-- \/wp:paragraph -->\n\n<!-- wp:paragraph -->\n<p>Az Adatkezel\u0151 a szem\u00e9lyes adatokat az \u00c9rintett hozz\u00e1j\u00e1rul\u00e1s\u00e1nak visszavon\u00e1s\u00e1ig \u0151rzi meg. Az \u00c9rintettek b\u00e1rmikor visszavonhatj\u00e1k hozz\u00e1j\u00e1rul\u00e1sukat \u00e9s k\u00e9rhetik szem\u00e9lyes adataik t\u00f6rl\u00e9s\u00e9t, postai \u00faton a 1055 Budapest, Szent Istv\u00e1n k\u00f6r\u00fat 13. 3. em. 6\/C.) elektronikusan pedig a&nbsp;PDA@DICKINSONCONSULTING.HU c\u00edmre k\u00fcld\u00f6tt \u00fczenet\u00fckben k\u00e9rhetik szem\u00e9lyes adataik t\u00f6rl\u00e9s\u00e9t.<\/p>\n<!-- \/wp:paragraph -->\n\n<!-- wp:paragraph -->\n<p><strong>4.5. Szolg\u00e1ltat\u00e1s megrendel\u00e9se, megrendel\u00e9s teljes\u00edt\u00e9se<\/strong><\/p>\n<!-- \/wp:paragraph -->\n\n<!-- wp:paragraph -->\n<p><strong>Az adatkezel\u00e9s c\u00e9lja<\/strong><\/p>\n<!-- \/wp:paragraph -->\n\n<!-- wp:paragraph -->\n<p>Szolg\u00e1ltat\u00e1s megrendel\u00e9se eset\u00e9ben az adatkezel\u00e9s c\u00e9lja az, hogy a megrendelt szolg\u00e1ltat\u00e1st az \u00c9rintett (vagy annak szem\u00e9lyes k\u00f6zrem\u0171k\u00f6d\u0151je) \u00e1tvehesse. Amennyiben a szolg\u00e1ltat\u00e1s ny\u00fajt\u00e1sa sor\u00e1n a szerz\u0151d\u0151 f\u00e9l m\u00e1s \u00c9rintett(ek) szem\u00e9lyes adatait is meg k\u00edv\u00e1nja adni, k\u00fcl\u00f6n kell nyilatkoznia az adatok megad\u00e1s\u00e1val kapcsolatban.<\/p>\n<!-- \/wp:paragraph -->\n\n<!-- wp:paragraph -->\n<p><strong>A kezelt adatok k\u00f6re \u00e9s az adatkezel\u00e9s r\u00e9szletes c\u00e9ljai<\/strong><\/p>\n<!-- \/wp:paragraph -->\n\n<!-- wp:list -->\n<ul><li>Teljes n\u00e9v: azonos\u00edt\u00e1s, kapcsolattart\u00e1s, ig\u00e9ny\u00e9rv\u00e9nyes\u00edt\u00e9s<\/li><li>E-mail c\u00edm: azonos\u00edt\u00e1s, kapcsolattart\u00e1s<\/li><li>Telefonsz\u00e1m: azonos\u00edt\u00e1s, kapcsolattart\u00e1s<\/li><li>A k\u00e9pviseletre jogosult, illetve kapcsolattart\u00f3 neve: azonos\u00edt\u00e1s, kapcsolattart\u00e1s, ig\u00e9ny\u00e9rv\u00e9nyes\u00edt\u00e9s<\/li><li>A k\u00e9pviseletre jogosult, illetve kapcsolattart\u00f3 telefonsz\u00e1ma: kapcsolattart\u00e1s<\/li><li>A k\u00e9pviseletre jogosult, illetve kapcsolattart\u00f3 e-mail c\u00edme: azonos\u00edt\u00e1s, kapcsolattart\u00e1s, ig\u00e9ny\u00e9rv\u00e9nyes\u00edt\u00e9s<\/li><li>Sz\u00e1ml\u00e1z\u00e1si c\u00edm: a szerz\u0151d\u00e9s alapj\u00e1t k\u00e9pezi, a szerz\u0151d\u00e9s teljes\u00edt\u00e9se, tov\u00e1bb\u00e1 a sz\u00e1ml\u00e1z\u00e1s c\u00e9lj\u00e1t szolg\u00e1lja<\/li><\/ul>\n<!-- \/wp:list -->\n\n<!-- wp:paragraph -->\n<p><strong>Az adatkezel\u00e9s jogalapja<\/strong><\/p>\n<!-- \/wp:paragraph -->\n\n<!-- wp:paragraph -->\n<p>Az adatkezel\u00e9s jogalapja szerz\u0151d\u00e9ses k\u00f6telezetts\u00e9g teljes\u00edt\u00e9se (GDPR 6. cikk (1) bekezd\u00e9s b) pont), sz\u00e1ml\u00e1z\u00e1s vonatkoz\u00e1s\u00e1ban jogi k\u00f6telezetts\u00e9g teljes\u00edt\u00e9se (GDPR 6. cikk (1) bekezd\u00e9s c) pont), az el\u00e9v\u00fcl\u00e9si id\u0151tartam alatt: jogos \u00e9rdek (GDPR 6. cikk (1) bekezd\u00e9s f) pont).<\/p>\n<!-- \/wp:paragraph -->\n\n<!-- wp:paragraph -->\n<p><strong>Jogos \u00e9rdek megnevez\u00e9se<\/strong><\/p>\n<!-- \/wp:paragraph -->\n\n<!-- wp:paragraph -->\n<p>Az \u00fcgyf\u00e9l\/partner t\u00e1j\u00e9koztat\u00e1sa a megrendel\u00e9ssel, illetve a szerz\u0151d\u00e9s teljes\u00edt\u00e9s\u00e9vel kapcsolatban, illetve mag\u00e1nak a szerz\u0151d\u00e9snek a teljes\u00edt\u00e9se. Az el\u00e9v\u00fcl\u00e9si id\u0151tartam alatt ig\u00e9ny\u00e9rv\u00e9nyes\u00edt\u00e9s.<\/p>\n<!-- \/wp:paragraph -->\n\n<!-- wp:paragraph -->\n<p><strong>\u00c9rintettek kateg\u00f3ri\u00e1i<\/strong><\/p>\n<!-- \/wp:paragraph -->\n\n<!-- wp:paragraph -->\n<p>Az adatkezel\u0151vel \u00fcgyf\u00e9lkapcsolatban \u00e1ll\u00f3 term\u00e9szetes szem\u00e9lyek, jogi szem\u00e9ly \u00fcgyfelek term\u00e9szetes szem\u00e9ly kapcsolattart\u00f3i<\/p>\n<!-- \/wp:paragraph -->\n\n<!-- wp:paragraph -->\n<p><strong>Az adatkezel\u00e9s id\u0151tartama<\/strong><\/p>\n<!-- \/wp:paragraph -->\n\n<!-- wp:paragraph -->\n<p>Az adatokat az \u00c9rintettel val\u00f3 kapcsolat megsz\u0171n\u00e9s\u00e9t k\u00f6vet\u0151en a Ptk. 6:22. \u00a7 alapj\u00e1n 2 \u00e9v m\u00falva t\u00f6r\u00f6lj\u00fck. Ha az adatokat a sz\u00e1mvitelr\u0151l sz\u00f3l\u00f3 2000. \u00e9vi C. t\u00f6rv\u00e9ny (\u201eSz\u00e1mviteli T\u00f6rv\u00e9ny\u201d) 169. \u00a7 alapj\u00e1n k\u00f6telesek vagyunk meg\u0151rizni, az adatokat az \u00c9rintettel val\u00f3 kapcsolat megsz\u0171n\u00e9s\u00e9t k\u00f6vet\u0151en 8 \u00e9v m\u00falva t\u00f6r\u00f6lj\u00fck. A gyakorlatban ilyen eset, ha az adatok a k\u00f6nyvel\u00e9st al\u00e1t\u00e1maszt\u00f3 iratok r\u00e9sz\u00e9t k\u00e9pezik, p\u00e9ld\u00e1ul a szerz\u0151d\u00e9sk\u00f6t\u00e9ssel kapcsolatos dokumentumokban (adott esetben mag\u00e1ban a szerz\u0151d\u00e9sben) vagy a ki\u00e1ll\u00edtott sz\u00e1ml\u00e1n szerepelnek. Az \u00dcgyf\u00e9l \u00e1ltal megadott egy\u00e9b szem\u00e9lyek adatait csak addig kezelj\u00fck, ameddig az a szolg\u00e1ltat\u00e1s ny\u00fajt\u00e1sa kapcs\u00e1n sz\u00fcks\u00e9ges, ugyanakkor az \u00dcgyf\u00e9l \u00e1ltal m\u00e1s szem\u00e9lyek kapcs\u00e1n megadott szem\u00e9lyes adatok kezel\u00e9s\u00e9r\u0151l sz\u00f3l\u00f3 nyilatkozatot az \u00c9rintettel val\u00f3 kapcsolat megsz\u0171n\u00e9s\u00e9t k\u00f6vet\u0151en a Ptk.<\/p>\n<!-- \/wp:paragraph -->\n\n<!-- wp:paragraph -->\n<p><strong>4.6. \u00dczenetek, DM tev\u00e9kenys\u00e9g, telefonh\u00edv\u00e1sos megkeres\u00e9s<\/strong><\/p>\n<!-- \/wp:paragraph -->\n\n<!-- wp:paragraph -->\n<p>A Dickinson Consulting a regisztr\u00e1l\u00f3 \u00fcgyfelei (term\u00e9szetes szem\u00e9ly valamint jogi szem\u00e9ly \u00fcgyfelei term\u00e9szetes szem\u00e9ly kapcsolattart\u00f3i) sz\u00e1m\u00e1ra h\u00edrlevelet k\u00fcld.<\/p>\n<!-- \/wp:paragraph -->\n\n<!-- wp:paragraph -->\n<p><strong>Az adatkezel\u00e9s c\u00e9lja<\/strong><\/p>\n<!-- \/wp:paragraph -->\n\n<!-- wp:paragraph -->\n<p>Az Adatkezel\u0151 a regisztr\u00e1l\u00f3k r\u00e9sz\u00e9re elektronikus \u00faton prom\u00f3ci\u00f3s\/marketing anyagokat juttat el, direkt elektronikus \u00fczenetek form\u00e1j\u00e1ban egyedi \u00fczeneteket k\u00fcld, illetve telefonon inform\u00e1ci\u00f3kat juttat el p\u00e9ld\u00e1ul tev\u00e9kenys\u00e9g\u00e9vel, marketing kamp\u00e1nyaival kapcsolatban azon \u00c9rintettek r\u00e9sz\u00e9re, akik regisztr\u00e1ltak \u00e9s megadt\u00e1k e-mail c\u00edm\u00fcket.<\/p>\n<!-- \/wp:paragraph -->\n\n<!-- wp:paragraph -->\n<p>Az \u00c9rintett korl\u00e1toz\u00e1s \u00e9s indokol\u00e1s n\u00e9lk\u00fcl, ingyenesen leiratkozhat az aj\u00e1nlatok k\u00fcld\u00e9s\u00e9r\u0151l a h\u00edrlev\u00e9lben l\u00e9v\u0151 \u201eleiratkoz\u00e1s\u201d ikonra kattintva vagy a: <a href=\"mailto:PDA@DICKINSONCONSULTING.HU\">PDA@DICKINSONCONSULTING.HU<\/a> c\u00edmre k\u00fcld\u00f6tt \u00fczenetben. Ebben az esetben minden - a DM lev\u00e9l k\u00fcld\u00e9s\u00e9hez sz\u00fcks\u00e9ges - szem\u00e9lyes adat\u00e1t t\u00f6r\u00f6lj\u00fck nyilv\u00e1ntart\u00e1sunkb\u00f3l, \u00e9s tov\u00e1bbi levelekkel nem keress\u00fck meg az \u00c9rintettet.&nbsp;<\/p>\n<!-- \/wp:paragraph -->\n\n<!-- wp:paragraph -->\n<p><strong>A kezelt adatok k\u00f6re \u00e9s Az adatkezel\u00e9s c\u00e9lja<\/strong><\/p>\n<!-- \/wp:paragraph -->\n\n<!-- wp:list -->\n<ul><li>Vezet\u00e9kn\u00e9v: azonos\u00edt\u00e1s, kapcsolattart\u00e1s<\/li><li>Keresztn\u00e9v: azonos\u00edt\u00e1s, kapcsolattart\u00e1s<\/li><li>Email c\u00edm: azonos\u00edt\u00e1s, kapcsolattart\u00e1s<\/li><\/ul>\n<!-- \/wp:list -->\n\n<!-- wp:paragraph -->\n<p><strong>Az adatkezel\u00e9s jogalapja<\/strong><\/p>\n<!-- \/wp:paragraph -->\n\n<!-- wp:paragraph -->\n<p>\u00dcgyf\u00e9lkapcsolat fenn\u00e1ll\u00e1sa eset\u00e9n az adatkezel\u0151 jogos \u00e9rdeke, egy\u00e9b esetekben az \u00c9rintett hozz\u00e1j\u00e1rul\u00e1sa (GDPR 6. cikk (1) bekezd\u00e9s a) pont).<\/p>\n<!-- \/wp:paragraph -->\n\n<!-- wp:paragraph -->\n<p><strong>A jogos \u00e9rdek megnevez\u00e9se<\/strong><\/p>\n<!-- \/wp:paragraph -->\n\n<!-- wp:paragraph -->\n<p>A k\u00f6zvetlen \u00fczletszerz\u00e9s, t\u00e1j\u00e9koztat\u00e1s c\u00e9l\u00fa megkeres\u00e9s jogos \u00e9rdeken alapul\u00f3 adatkezel\u00e9s.<\/p>\n<!-- \/wp:paragraph -->\n\n<!-- wp:paragraph -->\n<p><strong>\u00c9rintettek kateg\u00f3ri\u00e1i<\/strong><\/p>\n<!-- \/wp:paragraph -->\n\n<!-- wp:paragraph -->\n<p>Az adatkezel\u0151 term\u00e9szetes szem\u00e9ly \u00fcgyfelei, regisztr\u00e1l\u00f3\/ feliratkoz\u00f3 term\u00e9szetes szem\u00e9lyek, jogi szem\u00e9lyek term\u00e9szetes szem\u00e9ly kapcsolattart\u00f3i.<\/p>\n<!-- \/wp:paragraph -->\n\n<!-- wp:paragraph -->\n<p><strong>Az adatkezel\u00e9s id\u0151tartama<\/strong><\/p>\n<!-- \/wp:paragraph -->\n\n<!-- wp:paragraph -->\n<p>Az Adatkezel\u0151 a szem\u00e9lyes adatokat t\u00f6r\u00f6li adatb\u00e1zis\u00e1b\u00f3l az \u00c9rintett erre ir\u00e1nyul\u00f3 nyilatkozat\u00e1nak k\u00e9zhezv\u00e9tel\u00e9t k\u00f6vet\u0151 48 \u00f3r\u00e1n bel\u00fcl.<\/p>\n<!-- \/wp:paragraph -->\n\n<!-- wp:paragraph -->\n<p><strong>5. Adatfeldolgoz\u00e1sra jogosult szem\u00e9lyek, adattov\u00e1bb\u00edt\u00e1s<\/strong><\/p>\n<!-- \/wp:paragraph -->\n\n<!-- wp:paragraph -->\n<p>Az Adatkezel\u0151 egyes t\u00f6rv\u00e9nyi k\u00f6telezetts\u00e9gek \u00e9s feladatok kapcs\u00e1n tov\u00e1bb\u00edtja az \u00c9rintett adatait m\u00e1s Adatkezel\u0151kh\u00f6z, illetve adatfeldolgoz\u00f3kat vesz ig\u00e9nybe egyes r\u00e9szfeladatok elv\u00e9gz\u00e9s\u00e9hez.<\/p>\n<!-- \/wp:paragraph -->\n\n<!-- wp:paragraph -->\n<p><strong>5.1. Adatfeldolgoz\u00e1s<\/strong><\/p>\n<!-- \/wp:paragraph -->\n\n<!-- wp:paragraph -->\n<p>Az adatfeldolgoz\u00f3nak a szem\u00e9lyes adatok feldolgoz\u00e1s\u00e1val kapcsolatos jogait \u00e9s k\u00f6telezetts\u00e9geit az GDPR, valamint az adatkezel\u00e9sre vonatkoz\u00f3 k\u00fcl\u00f6n t\u00f6rv\u00e9nyek keretei k\u00f6z\u00f6tt az Adatkezel\u0151 hat\u00e1rozza meg. Az \u00e1ltala adott utas\u00edt\u00e1sok jogszer\u0171s\u00e9g\u00e9\u00e9rt az Adatkezel\u0151 felel. Az adatfeldolgoz\u00f3 az adatkezel\u00e9st \u00e9rint\u0151 \u00e9rdemi d\u00f6nt\u00e9st nem hozhat, a tudom\u00e1s\u00e1ra jutott szem\u00e9lyes adatokat kiz\u00e1r\u00f3lag az Adatkezel\u0151 rendelkez\u00e9sei szerint dolgozhatja fel, saj\u00e1t c\u00e9lj\u00e1ra adatfeldolgoz\u00e1st nem v\u00e9gezhet, tov\u00e1bb\u00e1 a szem\u00e9lyes adatokat az Adatkezel\u0151 rendelkez\u00e9sei szerint k\u00f6teles t\u00e1rolni \u00e9s meg\u0151rizni.<\/p>\n<!-- \/wp:paragraph -->\n\n<!-- wp:paragraph -->\n<p>Az Adatkezel\u0151 az adatkezel\u00e9si m\u0171veletekhez kapcsol\u00f3d\u00f3 technikai feladatok elv\u00e9gz\u00e9s\u00e9re az al\u00e1bbi t\u00e1bl\u00e1zatban felsorolt adatfeldolgoz\u00f3kat veszi ig\u00e9nybe.<\/p>\n<!-- \/wp:paragraph -->\n\n<!-- wp:paragraph -->\n<p><strong>5.2. Adattov\u00e1bb\u00edt\u00e1s<\/strong><\/p>\n<!-- \/wp:paragraph -->\n\n<!-- wp:paragraph -->\n<p>Az Adatkezel\u0151 az al\u00e1bbi c\u00e9gnek\/ szem\u00e9lynek tov\u00e1bb\u00edtja az adatokat \/hajtja v\u00e9gre tev\u00e9kenys\u00e9g\u00e9hez kapcsol\u00f3d\u00f3an&nbsp; - weboldal fejleszt\u00e9s, \u00fczemeltet\u00e9s sor\u00e1n sz\u00fcks\u00e9ges adatkezel\u00e9sek c\u00e9lj\u00e1b\u00f3l:<\/p>\n<!-- \/wp:paragraph -->\n\n<!-- wp:paragraph -->\n<p>Hegyi Csaba ev, 57538288<\/p>\n<!-- \/wp:paragraph -->\n\n<!-- wp:paragraph -->\n<p>1123 Budapest<\/p>\n<!-- \/wp:paragraph -->\n\n<!-- wp:paragraph -->\n<p>T\u0151ke utca 5\/a<\/p>\n<!-- \/wp:paragraph -->\n\n<!-- wp:paragraph -->\n<p>hegy.csab@gmail.com<\/p>\n<!-- \/wp:paragraph -->\n\n<!-- wp:paragraph -->\n<p><strong>6. Adatbiztons\u00e1gi int\u00e9zked\u00e9sek<\/strong><\/p>\n<!-- \/wp:paragraph -->\n\n<!-- wp:paragraph -->\n<p>Az Adatkezel\u0151 az \u00c9rintett \u00e1ltal megadott szem\u00e9lyes adatokkal kapcsolatban az \u201eEur\u00f3pai Parlament 2016\/679 Rendelete\u201d \u00e9s \u201eAz inform\u00e1ci\u00f3s \u00f6nrendelkez\u00e9si jogr\u00f3l \u00e9s az inform\u00e1ci\u00f3szabads\u00e1gr\u00f3l sz\u00f3l\u00f3 2011. \u00e9vi CXII. t\u00f6rv\u00e9ny\u201d el\u0151\u00edr\u00e1sait szem el\u0151tt tartva j\u00e1r el.<\/p>\n<!-- \/wp:paragraph -->\n\n<!-- wp:paragraph -->\n<p>Az Adatkezel\u0151 minden t\u0151le elv\u00e1rhat\u00f3 sz\u00fcks\u00e9ges int\u00e9zked\u00e9st megtesz az adatok biztons\u00e1ga \u00e9rdek\u00e9ben, gondoskodik azok megfelel\u0151 szint\u0171 v\u00e9delm\u00e9r\u0151l k\u00fcl\u00f6n\u00f6sen a jogosulatlan hozz\u00e1f\u00e9r\u00e9s, megv\u00e1ltoztat\u00e1s, tov\u00e1bb\u00edt\u00e1s, nyilv\u00e1noss\u00e1gra hozatal, t\u00f6rl\u00e9s vagy megsemmis\u00edt\u00e9s, valamint a v\u00e9letlen megsemmis\u00fcl\u00e9s \u00e9s s\u00e9r\u00fcl\u00e9s ellen.&nbsp;<\/p>\n<!-- \/wp:paragraph -->\n\n<!-- wp:paragraph -->\n<p><strong>7. Az adatkezel\u00e9ssel kapcsolatos \u00c9rintetti jogok<\/strong><\/p>\n<!-- \/wp:paragraph -->\n\n<!-- wp:paragraph -->\n<p>Az \u00c9rintett adatv\u00e9delmi jogait \u00e9s jogorvoslati lehet\u0151s\u00e9geit, \u00e9s ezzel kapcsolatban a GDPR vonatkoz\u00f3 rendelkez\u00e9seit \u00e9s korl\u00e1toz\u00e1sait r\u00e9szletesen a GDPR tartalmazza (\u00edgy k\u00fcl\u00f6n\u00f6sen a GDPR 15., 16., 17., 18., 19., 20., 21., 22., 77., 78., 79. \u00e9s 82. cikkei). Az al\u00e1bbiakban \u00f6sszefoglaljuk a legfontosabb rendelkez\u00e9seket.<\/p>\n<!-- \/wp:paragraph -->\n\n<!-- wp:paragraph -->\n<p><strong>7.1. Az \u00c9rintett hozz\u00e1f\u00e9r\u00e9si joga<\/strong><\/p>\n<!-- \/wp:paragraph -->\n\n<!-- wp:paragraph -->\n<p>Az \u00c9rintett jogosult arra, hogy visszajelz\u00e9st kapjon t\u0151l\u00fcnk arra vonatkoz\u00f3an, hogy szem\u00e9lyes adatainak kezel\u00e9se folyamatban van-e. Ha ilyen adatkezel\u00e9s folyamatban van, az \u00c9rintett jogosult arra, hogy a szem\u00e9lyes adatokhoz \u00e9s a k\u00f6vetkez\u0151 inform\u00e1ci\u00f3khoz hozz\u00e1f\u00e9r\u00e9st kapjon:<\/p>\n<!-- \/wp:paragraph -->\n\n<!-- wp:list -->\n<ul><li>az adatkezel\u00e9s c\u00e9ljai<\/li><li>az \u00c9rintett szem\u00e9lyes adatok kateg\u00f3ri\u00e1i<\/li><li>azon c\u00edmzettek vagy c\u00edmzettek kateg\u00f3ri\u00e1i, akikkel a szem\u00e9lyes adatokat k\u00f6z\u00f6lt\u00fck vagy k\u00f6z\u00f6lni fogjuk, ide\u00e9rtve k\u00fcl\u00f6n\u00f6sen a harmadik orsz\u00e1gbeli c\u00edmzetteket, illetve a nemzetk\u00f6zi szervezeteket<\/li><li>adott esetben a szem\u00e9lyes adatok t\u00e1rol\u00e1s\u00e1nak tervezett id\u0151tartama, vagy ha ez nem lehets\u00e9ges, ezen id\u0151tartam meghat\u00e1roz\u00e1s\u00e1nak szempontjai<\/li><li>az \u00c9rintett joga, hogy k\u00e9relmezheti t\u0151l\u00fcnk az \u00c9rintettre vonatkoz\u00f3 szem\u00e9lyes adatok helyesb\u00edt\u00e9s\u00e9t, t\u00f6rl\u00e9s\u00e9t vagy kezel\u00e9s\u00e9nek korl\u00e1toz\u00e1s\u00e1t, \u00e9s tiltakozhat az ilyen szem\u00e9lyes adatok kezel\u00e9se ellen<\/li><li>valamely fel\u00fcgyeleti hat\u00f3s\u00e1ghoz c\u00edmzett panasz beny\u00fajt\u00e1s\u00e1nak joga; \u00e9s<\/li><li>ha az adatokat nem az \u00c9rintett\u0151l gy\u0171jt\u00f6tt\u00e9k, a forr\u00e1sukra vonatkoz\u00f3 minden el\u00e9rhet\u0151 inform\u00e1ci\u00f3<\/li><li>automatiz\u00e1lt d\u00f6nt\u00e9shozatal t\u00e9nye, ide\u00e9rtve a profilalkot\u00e1st is, valamint legal\u00e1bb ezekben az esetekben az alkalmazott logik\u00e1ra \u00e9s arra vonatkoz\u00f3 \u00e9rthet\u0151 inform\u00e1ci\u00f3k, hogy az ilyen adatkezel\u00e9s milyen jelent\u0151s\u00e9ggel b\u00edr, \u00e9s az \u00c9rintettre n\u00e9zve milyen v\u00e1rhat\u00f3 k\u00f6vetkezm\u00e9nyekkel j\u00e1r.<\/li><\/ul>\n<!-- \/wp:list -->\n\n<!-- wp:paragraph -->\n<p>Ha szem\u00e9lyes adatoknak harmadik orsz\u00e1gba t\u00f6rt\u00e9n\u0151 tov\u00e1bb\u00edt\u00e1s\u00e1ra ker\u00fcl sor, az \u00c9rintett jogosult arra, hogy t\u00e1j\u00e9koztat\u00e1st kapjon a tov\u00e1bb\u00edt\u00e1sra vonatkoz\u00f3an a megfelel\u0151 garanci\u00e1kr\u00f3l.<\/p>\n<!-- \/wp:paragraph -->\n\n<!-- wp:paragraph -->\n<p>Az adatkezel\u00e9s t\u00e1rgy\u00e1t k\u00e9pez\u0151 szem\u00e9lyes adatok m\u00e1solat\u00e1t az \u00c9rintett rendelkez\u00e9s\u00e9re bocs\u00e1tjuk. Ha az \u00c9rintett elektronikus \u00faton ny\u00fajtotta be a k\u00e9relmet, az inform\u00e1ci\u00f3kat sz\u00e9les k\u00f6rben haszn\u00e1lt elektronikus form\u00e1tumban kell rendelkez\u00e9sre bocs\u00e1tani, kiv\u00e9ve, ha az \u00c9rintett m\u00e1sk\u00e9nt k\u00e9ri.<\/p>\n<!-- \/wp:paragraph -->\n\n<!-- wp:paragraph -->\n<p><strong>7.2. A helyesb\u00edt\u00e9shez val\u00f3 jog<\/strong><\/p>\n<!-- \/wp:paragraph -->\n\n<!-- wp:paragraph -->\n<p>Az \u00c9rintett jogosult arra, hogy k\u00e9r\u00e9s\u00e9re indokolatlan k\u00e9sedelem n\u00e9lk\u00fcl helyesb\u00edts\u00fck az \u00c9rintettre vonatkoz\u00f3 pontatlan szem\u00e9lyes adatokat. Az \u00c9rintett jogosult arra, hogy k\u00e9rje a hi\u00e1nyos szem\u00e9lyes adatok \u2013 egyebek mellett kieg\u00e9sz\u00edt\u0151 nyilatkozat \u00fatj\u00e1n t\u00f6rt\u00e9n\u0151 \u2013 kieg\u00e9sz\u00edt\u00e9s\u00e9t.<\/p>\n<!-- \/wp:paragraph -->\n\n<!-- wp:paragraph -->\n<p><strong>7.3. A t\u00f6rl\u00e9shez val\u00f3 jog (\u201eaz elfeledtet\u00e9shez val\u00f3 jog\u201d)<\/strong><\/p>\n<!-- \/wp:paragraph -->\n\n<!-- wp:paragraph -->\n<p>Az \u00c9rintett jogosult arra, hogy k\u00e9r\u00e9s\u00e9re indokolatlan k\u00e9sedelem n\u00e9lk\u00fcl t\u00f6r\u00f6lj\u00fck az \u00c9rintettre vonatkoz\u00f3 szem\u00e9lyes adatokat, ha az al\u00e1bbi indokok valamelyike fenn\u00e1ll:<\/p>\n<!-- \/wp:paragraph -->\n\n<!-- wp:list -->\n<ul><li>a szem\u00e9lyes adatokra m\u00e1r nincs sz\u00fcks\u00e9g abb\u00f3l a c\u00e9lb\u00f3l, amelyb\u0151l azokat gy\u0171jt\u00f6tt\u00fck vagy m\u00e1s m\u00f3don kezelt\u00fck<\/li><li>az \u00c9rintett visszavonja az adatkezel\u00e9s alapj\u00e1t k\u00e9pez\u0151 hozz\u00e1j\u00e1rul\u00e1s\u00e1t, \u00e9s az adatkezel\u00e9snek nincs m\u00e1s jogalapja<\/li><li>az \u00c9rintett tiltakozik az adatkezel\u00e9se ellen, \u00e9s adott esetben nincs els\u0151bbs\u00e9get \u00e9lvez\u0151 jogszer\u0171 ok az adatkezel\u00e9sre<\/li><li>a szem\u00e9lyes adatokat jogellenesen kezelt\u00fck<\/li><li>a szem\u00e9lyes adatokat a r\u00e1nk alkalmazand\u00f3 uni\u00f3s vagy tag\u00e1llami jogban el\u0151\u00edrt jogi k\u00f6telezetts\u00e9g teljes\u00edt\u00e9s\u00e9hez t\u00f6r\u00f6lni kell; vagy<\/li><li>a szem\u00e9lyes adatok gy\u0171jt\u00e9s\u00e9re inform\u00e1ci\u00f3s t\u00e1rsadalommal \u00f6sszef\u00fcgg\u0151 szolg\u00e1ltat\u00e1sok k\u00edn\u00e1l\u00e1s\u00e1val kapcsolatosan ker\u00fclt sor.<\/li><\/ul>\n<!-- \/wp:list -->\n\n<!-- wp:paragraph -->\n<p>Ha az Adatkezel\u0151 nyilv\u00e1noss\u00e1gra hozta a szem\u00e9lyes adatot, \u00e9s az 7.3.1. bekezd\u00e9s \u00e9rtelm\u00e9ben azt t\u00f6r\u00f6lni k\u00f6teles, az el\u00e9rhet\u0151 technol\u00f3gia \u00e9s a megval\u00f3s\u00edt\u00e1s k\u00f6lts\u00e9geinek figyelembev\u00e9tel\u00e9vel megteszi az \u00e9szszer\u0171en elv\u00e1rhat\u00f3 l\u00e9p\u00e9seket \u2013 ide\u00e9rtve technikai int\u00e9zked\u00e9seket \u2013 annak \u00e9rdek\u00e9ben, hogy t\u00e1j\u00e9koztassa az adatokat szint\u00e9n t\u00e1rol\u00f3 vagy publik\u00e1l\u00f3 egy\u00e9b adatkezel\u0151ket, hogy az \u00c9rintett k\u00e9relmezte t\u0151l\u00fck a sz\u00f3ban forg\u00f3 szem\u00e9lyes adatokra mutat\u00f3 linkek vagy e szem\u00e9lyes adatok m\u00e1solat\u00e1nak, illetve m\u00e1sodp\u00e9ld\u00e1ny\u00e1nak t\u00f6rl\u00e9s\u00e9t.<\/p>\n<!-- \/wp:paragraph -->\n\n<!-- wp:paragraph -->\n<p>A fentiek nem alkalmazand\u00f3k, amennyiben az adatkezel\u00e9s sz\u00fcks\u00e9ges, t\u00f6bbek k\u00f6z\u00f6tt:<\/p>\n<!-- \/wp:paragraph -->\n\n<!-- wp:list -->\n<ul><li>a v\u00e9lem\u00e9nynyilv\u00e1n\u00edt\u00e1s szabads\u00e1g\u00e1hoz \u00e9s a t\u00e1j\u00e9koz\u00f3d\u00e1shoz val\u00f3 jog gyakorl\u00e1sa c\u00e9lj\u00e1b\u00f3l<\/li><li>a szem\u00e9lyes adatok kezel\u00e9s\u00e9t el\u0151\u00edr\u00f3, a r\u00e1nk alkalmazand\u00f3 uni\u00f3s vagy tag\u00e1llami jog szerinti k\u00f6telezetts\u00e9g teljes\u00edt\u00e9se c\u00e9lj\u00e1b\u00f3l<\/li><li>jogi ig\u00e9nyek el\u0151terjeszt\u00e9s\u00e9hez, \u00e9rv\u00e9nyes\u00edt\u00e9s\u00e9hez, illetve v\u00e9delm\u00e9hez.<\/li><\/ul>\n<!-- \/wp:list -->\n\n<!-- wp:paragraph -->\n<p><strong>7.4. Az adatkezel\u00e9s korl\u00e1toz\u00e1s\u00e1hoz val\u00f3 jog<\/strong><\/p>\n<!-- \/wp:paragraph -->\n\n<!-- wp:paragraph -->\n<p>Az \u00c9rintett jogosult arra, hogy k\u00e9r\u00e9s\u00e9re korl\u00e1tozzuk az adatkezel\u00e9st, ha az al\u00e1bbiak valamelyike teljes\u00fcl:<\/p>\n<!-- \/wp:paragraph -->\n\n<!-- wp:list -->\n<ul><li>az \u00c9rintett vitatja a szem\u00e9lyes adatok pontoss\u00e1g\u00e1t, ez esetben a korl\u00e1toz\u00e1s arra az id\u0151tartamra vonatkozik, amely lehet\u0151v\u00e9 teszi, hogy ellen\u0151rizz\u00fck a szem\u00e9lyes adatok pontoss\u00e1g\u00e1t<\/li><li>az adatkezel\u00e9s jogellenes, \u00e9s az \u00c9rintett ellenzi az adatok t\u00f6rl\u00e9s\u00e9t, \u00e9s ehelyett k\u00e9ri azok felhaszn\u00e1l\u00e1s\u00e1nak korl\u00e1toz\u00e1s\u00e1t<\/li><li>m\u00e1r nincs sz\u00fcks\u00e9g\u00fcnk a szem\u00e9lyes adatokra adatkezel\u00e9s c\u00e9lj\u00e1b\u00f3l, de az \u00c9rintett ig\u00e9nyli azokat jogi ig\u00e9nyek el\u0151terjeszt\u00e9s\u00e9hez, \u00e9rv\u00e9nyes\u00edt\u00e9s\u00e9hez vagy v\u00e9delm\u00e9hez<\/li><li>vagy az \u00c9rintett tiltakozott az adatkezel\u00e9s ellen; ez esetben a korl\u00e1toz\u00e1s arra az id\u0151tartamra vonatkozik, am\u00edg meg\u00e1llap\u00edt\u00e1sra nem ker\u00fcl, hogy az Adatkezel\u0151 jogos indokai els\u0151bbs\u00e9get \u00e9lveznek-e az \u00c9rintett jogos indokaival szemben.<\/li><\/ul>\n<!-- \/wp:list -->\n\n<!-- wp:paragraph -->\n<p>Ha az adatkezel\u00e9s a 7.4.1. bekezd\u00e9s alapj\u00e1n korl\u00e1toz\u00e1s al\u00e1 esik, az ilyen szem\u00e9lyes adatokat a t\u00e1rol\u00e1s kiv\u00e9tel\u00e9vel csak az \u00c9rintett hozz\u00e1j\u00e1rul\u00e1s\u00e1val, vagy jogi ig\u00e9nyek el\u0151terjeszt\u00e9s\u00e9hez, \u00e9rv\u00e9nyes\u00edt\u00e9s\u00e9hez vagy v\u00e9delm\u00e9hez, vagy m\u00e1s term\u00e9szetes vagy jogi szem\u00e9ly jogainak v\u00e9delme \u00e9rdek\u00e9ben, vagy az Uni\u00f3, illetve valamely tag\u00e1llam fontos k\u00f6z\u00e9rdek\u00e9b\u0151l lehet kezelni.<\/p>\n<!-- \/wp:paragraph -->\n\n<!-- wp:paragraph -->\n<p>Az adatkezel\u00e9s korl\u00e1toz\u00e1s\u00e1nak felold\u00e1s\u00e1r\u00f3l el\u0151zetesen t\u00e1j\u00e9koztatjuk az \u00c9rintettet.<\/p>\n<!-- \/wp:paragraph -->\n\n<!-- wp:paragraph -->\n<p><strong>7.5. A szem\u00e9lyes adatok helyesb\u00edt\u00e9s\u00e9hez vagy t\u00f6rl\u00e9s\u00e9hez, illetve az adatkezel\u00e9s korl\u00e1toz\u00e1s\u00e1hoz kapcsol\u00f3d\u00f3 \u00e9rtes\u00edt\u00e9si k\u00f6telezetts\u00e9g<\/strong><\/p>\n<!-- \/wp:paragraph -->\n\n<!-- wp:paragraph -->\n<p>Az Adatkezel\u0151 minden olyan c\u00edmzettet t\u00e1j\u00e9koztat valamennyi helyesb\u00edt\u00e9sr\u0151l, t\u00f6rl\u00e9sr\u0151l vagy adatkezel\u00e9s-korl\u00e1toz\u00e1sr\u00f3l, akivel, illetve amellyel a szem\u00e9lyes adatot k\u00f6z\u00f6lt\u00fck, kiv\u00e9ve, ha ez lehetetlennek bizonyul, vagy ar\u00e1nytalanul nagy er\u0151fesz\u00edt\u00e9st ig\u00e9nyel. Az az \u00c9rintett k\u00e9r\u00e9s\u00e9re t\u00e1j\u00e9koztatjuk e c\u00edmzettekr\u0151l.<\/p>\n<!-- \/wp:paragraph -->\n\n<!-- wp:paragraph -->\n<p><strong>7.6. Az adathordozhat\u00f3s\u00e1ghoz val\u00f3 jog<\/strong><\/p>\n<!-- \/wp:paragraph -->\n\n<!-- wp:paragraph -->\n<p>Az \u00c9rintett jogosult arra, hogy az \u00c9rintettre vonatkoz\u00f3, \u00e1ltala a rendelkez\u00e9s\u00fcnkre bocs\u00e1tott szem\u00e9lyes adatokat tagolt, sz\u00e9les k\u00f6rben haszn\u00e1lt, g\u00e9ppel olvashat\u00f3 form\u00e1tumban megkapja, tov\u00e1bb\u00e1 jogosult arra, hogy ezeket az adatokat egy m\u00e1sik adatkezel\u0151nek tov\u00e1bb\u00edtsa an\u00e9lk\u00fcl, hogy ezt akad\u00e1lyozn\u00e1 az Adatkezel\u0151, ha:<\/p>\n<!-- \/wp:paragraph -->\n\n<!-- wp:list -->\n<ul><li>az adatkezel\u00e9s hozz\u00e1j\u00e1rul\u00e1son vagy szerz\u0151d\u00e9sen alapul; \u00e9s<\/li><li>az adatkezel\u00e9s automatiz\u00e1lt m\u00f3don t\u00f6rt\u00e9nik.<\/li><\/ul>\n<!-- \/wp:list -->\n\n<!-- wp:paragraph -->\n<p>Az adatok hordozhat\u00f3s\u00e1g\u00e1hoz val\u00f3 jog 7.6.1. bekezd\u00e9s szerinti gyakorl\u00e1sa sor\u00e1n az \u00c9rintett jogosult arra, hogy \u2013 ha ez technikailag megval\u00f3s\u00edthat\u00f3 \u2013 k\u00e9rje a szem\u00e9lyes adatok adatkezel\u0151k k\u00f6z\u00f6tti k\u00f6zvetlen tov\u00e1bb\u00edt\u00e1s\u00e1t.<\/p>\n<!-- \/wp:paragraph -->\n\n<!-- wp:paragraph -->\n<p><strong>7.7. A tiltakoz\u00e1shoz val\u00f3 jog<\/strong><\/p>\n<!-- \/wp:paragraph -->\n\n<!-- wp:paragraph -->\n<p>Az \u00c9rintett jogosult arra, hogy a saj\u00e1t helyzet\u00e9vel kapcsolatos okokb\u00f3l b\u00e1rmikor tiltakozzon szem\u00e9lyes adatainak jogos \u00e9rdeken alapul\u00f3 kezel\u00e9se ellen, ide\u00e9rtve profilalkot\u00e1st is. Ebben az esetben a szem\u00e9lyes adatokat nem kezelj\u00fck tov\u00e1bb, kiv\u00e9ve, ha bizony\u00edtjuk, hogy az adatkezel\u00e9st olyan k\u00e9nyszer\u00edt\u0151 erej\u0171 jogos okok indokolj\u00e1k, amelyek els\u0151bbs\u00e9get \u00e9lveznek az \u00c9rintett \u00e9rdekeivel, jogaival \u00e9s szabads\u00e1gaival szemben, vagy amelyek jogi ig\u00e9nyek el\u0151terjeszt\u00e9s\u00e9hez, \u00e9rv\u00e9nyes\u00edt\u00e9s\u00e9hez vagy v\u00e9delm\u00e9hez kapcsol\u00f3dnak.<\/p>\n<!-- \/wp:paragraph -->\n\n<!-- wp:paragraph -->\n<p>Ha a szem\u00e9lyes adatok kezel\u00e9se k\u00f6zvetlen \u00fczletszerz\u00e9s \u00e9rdek\u00e9ben t\u00f6rt\u00e9nik, az \u00c9rintett jogosult arra, hogy b\u00e1rmikor tiltakozzon az \u00c9rintettre vonatkoz\u00f3 szem\u00e9lyes adatok e c\u00e9lb\u00f3l t\u00f6rt\u00e9n\u0151 kezel\u00e9se ellen, ide\u00e9rtve a profilalkot\u00e1st is, amennyiben az a k\u00f6zvetlen \u00fczletszerz\u00e9shez kapcsol\u00f3dik.<\/p>\n<!-- \/wp:paragraph -->\n\n<!-- wp:paragraph -->\n<p>Ha az \u00c9rintett tiltakozik a szem\u00e9lyes adatok k\u00f6zvetlen \u00fczletszerz\u00e9s \u00e9rdek\u00e9ben t\u00f6rt\u00e9n\u0151 kezel\u00e9se ellen, akkor a szem\u00e9lyes adatok a tov\u00e1bbiakban e c\u00e9lb\u00f3l nem kezelhet\u0151k.<\/p>\n<!-- \/wp:paragraph -->\n\n<!-- wp:paragraph -->\n<p><strong>7.8. A fel\u00fcgyeleti hat\u00f3s\u00e1gn\u00e1l t\u00f6rt\u00e9n\u0151 panaszt\u00e9telhez val\u00f3 jog<\/strong><\/p>\n<!-- \/wp:paragraph -->\n\n<!-- wp:paragraph -->\n<p>Az \u00c9rintett a GDPR, valamint a Polg\u00e1ri T\u00f6rv\u00e9nyk\u00f6nyv alapj\u00e1n b\u00edr\u00f3s\u00e1g el\u0151tt \u00e9rv\u00e9nyes\u00edtheti jogait, tov\u00e1bb\u00e1 Nemzeti Adatv\u00e9delmi \u00e9s Inform\u00e1ci\u00f3szabads\u00e1g Hat\u00f3s\u00e1ghoz (NAIH) (1125 Budapest, Szil\u00e1gyi Erzs\u00e9bet fasor 22\/C; levelez\u00e9si c\u00edm: 1530 Budapest, Pf. 5; telefon: +36 1 391 1400; e-mail: ugyfelszolgalat@naih.hu) fordulhat az adatkezel\u0151 adatkezel\u00e9si gyakorlat\u00e1val kapcsolatban felmer\u00fclt panasza eset\u00e9n.<\/p>\n<!-- \/wp:paragraph -->\n\n<!-- wp:paragraph -->\n<p><strong>9. Az EGT orsz\u00e1gain k\u00edv\u00fcli orsz\u00e1gokba t\u00f6rt\u00e9n\u0151 adattov\u00e1bb\u00edt\u00e1s \u00e9s garanci\u00e1i<\/strong><\/p>\n<!-- \/wp:paragraph -->\n\n<!-- wp:paragraph -->\n<p>Az Adatkezel\u0151 semmilyen m\u00f3don nem tov\u00e1bb\u00edt adatokat m\u00e1s orsz\u00e1gokba, illetve az Eur\u00f3pai Uni\u00f3n k\u00edv\u00fcli t\u00e9rs\u00e9gekbe.<\/p>\n<!-- \/wp:paragraph -->\n\n<!-- wp:paragraph -->\n<p><strong>10. Analitikai szolg\u00e1ltat\u00e1sok, s\u00fctik<\/strong><\/p>\n<!-- \/wp:paragraph -->\n\n<!-- wp:paragraph -->\n<p>Az Adatkezel\u0151 s\u00fctiket, valamint k\u00fcls\u0151 szolg\u00e1ltat\u00f3k (k\u00fcl\u00f6n\u00f6sen: Google, Facebook) k\u00f6vet\u0151k\u00f3djait a felhaszn\u00e1l\u00f3i \u00e9rdekl\u0151d\u00e9s, demogr\u00e1fiai adatok, valamint a webhelyen tan\u00fas\u00edtott viselked\u00e9s monitoroz\u00e1s\u00e1ra. A gy\u0171jt\u00f6tt adatokat az Adatkezel\u0151 nem haszn\u00e1lja profil\u00e9p\u00edt\u00e9sre, nem alkalmazza automatikus d\u00f6nt\u00e9shozatal kapcs\u00e1n, azokat kifejezetten statisztikai c\u00e9llal gy\u0171jti \u00e9s szolg\u00e1ltat\u00e1sainak fejleszt\u00e9se \u00e9rdek\u00e9ben elemzi.&nbsp;<\/p>\n<!-- \/wp:paragraph -->\n\n<!-- wp:paragraph -->\n<p>Ezen fel\u00fcl az Adatkezel\u0151 \u00e9rdekl\u0151d\u00e9s alap\u00fa hirdet\u00e9si szolg\u00e1ltat\u00e1sb\u00f3l vagy k\u00f6z\u00f6ns\u00e9gadatokb\u00f3l (p\u00e9ld\u00e1ul kor, nem \u00e9s \u00e9rdekl\u0151d\u00e9si k\u00f6r) szerzett \u00f6sszes\u00edtett adatokat haszn\u00e1lhat \u00e1ltal\u00e1nos webhelyi jelent\u00e9sk\u00e9sz\u00edt\u00e9s \u00e9s fejleszt\u00e9s, tov\u00e1bb\u00e1 hirdet\u00e9sre marketinglist\u00e1kon val\u00f3 felhaszn\u00e1l\u00e1s c\u00e9lj\u00e1b\u00f3l.<\/p>\n<!-- \/wp:paragraph -->\n\n<!-- wp:paragraph -->\n<p>A fentiek c\u00e9lja, hogy internetes fel\u00fcleteinket folyamatosan fejlessz\u00fck, internetes fel\u00fcleteink \u00e9s a kamp\u00e1nyainkhoz kapcsol\u00f3d\u00f3 hirdet\u00e9sek hat\u00e9konys\u00e1g\u00e1t n\u00f6velj\u00fck.<\/p>\n<!-- \/wp:paragraph -->\n\n<!-- wp:paragraph -->\n<p><strong>10.1. Google Analytics<\/strong><\/p>\n<!-- \/wp:paragraph -->\n\n<!-- wp:paragraph -->\n<p>A weboldal l\u00e1togatotts\u00e1gi \u00e9s egy\u00e9b web analitikai adatainak f\u00fcggetlen m\u00e9r\u00e9s\u00e9t \u00e9s audit\u00e1l\u00e1s\u00e1t k\u00fcls\u0151 szolg\u00e1ltat\u00f3k seg\u00edtik (R\u00e9szletek\u00e9rt k\u00e9rj\u00fck keresse fel: google.com\/analytics\/ ).<\/p>\n<!-- \/wp:paragraph -->\n\n<!-- wp:paragraph -->\n<p>A Google \u00e1ltal el\u00e9rhet\u0151v\u00e9 tett Hirdet\u00e9si be\u00e1ll\u00edt\u00e1sok weboldalon letilthat\u00f3 a Google Analytics szolg\u00e1ltat\u00e1s a Display t\u00edpus\u00fa hirdet\u00e9sek eset\u00e9ben, valamint testre szabhat\u00f3ak a Google Display H\u00e1l\u00f3zat hirdet\u00e9sei. Az \u00f6sszes, Google Analytics \u00e1ltal v\u00e9gzett nyomk\u00f6vet\u00e9s letilthat\u00f3, a b\u00f6ng\u00e9sz\u0151modul seg\u00edts\u00e9g\u00e9vel.<\/p>\n<!-- \/wp:paragraph -->\n\n<!-- wp:paragraph -->\n<p><strong>10.2. Cookie-k<\/strong><\/p>\n<!-- \/wp:paragraph -->\n\n<!-- wp:paragraph -->\n<p>A Cookie=s\u00fcti bet\u0171kb\u0151l \u00e9s sz\u00e1mokb\u00f3l \u00e1ll\u00f3 kis inform\u00e1ci\u00f3s csomag. A webszerver a s\u00fctit automatikusan megk\u00fcldi a l\u00e1togat\u00f3 b\u00f6ng\u00e9sz\u0151j\u00e9nek a honlap els\u0151 alkalommal t\u00f6rt\u00e9n\u0151 megl\u00e1togat\u00e1sakor. A l\u00e1togat\u00f3 sz\u00e1m\u00edt\u00f3g\u00e9pe vagy mobil eszk\u00f6ze elt\u00e1rolja a s\u00fctit a s\u00fctit elhelyez\u0151 szem\u00e9ly \u00e1ltal meghat\u00e1rozott id\u0151tartamig.<\/p>\n<!-- \/wp:paragraph -->\n\n<!-- wp:paragraph -->\n<p>A b\u00f6ng\u00e9sz\u0151 a honlap k\u00f6vetkez\u0151 alkalommal t\u00f6rt\u00e9n\u0151 megl\u00e1togat\u00e1sakor visszak\u00fcldi a s\u00fctit a webszerver r\u00e9sz\u00e9re. A webszerver a megk\u00fcld\u00f6tt adatok alapj\u00e1n azonos\u00edtani tudja a s\u00fctit k\u00fcld\u0151 sz\u00e1m\u00edt\u00f3g\u00e9pet vagy mobil eszk\u00f6zt \u00e9s az adott eszk\u00f6z \u00e1ltal megk\u00fcld\u00f6tt s\u00fctiket \u00f6ssze tudja kapcsolni. A s\u00fcti a honlapon t\u00f6rt\u00e9nt l\u00e1togat\u00e1sok k\u00f6z\u00f6tt folytatott tev\u00e9kenys\u00e9gre vonatkoz\u00f3 inform\u00e1ci\u00f3t szolg\u00e1ltat a webszerver r\u00e9sz\u00e9re. A webjelz\u0151 a honlapon elhelyezett kis m\u00e9ret\u0171, \u00e1ltal\u00e1ban \u00e9szrevehetetlen, k\u00e9p. A webjelz\u0151k elhelyez\u00e9s\u00e9vel a l\u00e1togat\u00f3 honlapon v\u00e9gzett m\u0171veletei k\u00f6vethet\u0151k \u00e9s a nyert adatokb\u00f3l statisztika k\u00e9sz\u00edthet\u0151.<\/p>\n<!-- \/wp:paragraph -->\n\n<!-- wp:paragraph -->\n<p>A Dickinson Consulting s\u00fctiket \u00e9s webjelz\u0151ket helyez el a honlapon annak \u00e9rdek\u00e9ben, hogy felismerje azon szem\u00e9lyt, aki a honlapot kor\u00e1bban m\u00e1r megl\u00e1togatta; felt\u00e9rk\u00e9pezze a l\u00e1togat\u00f3 \u00e9rdekl\u0151d\u00e9si k\u00f6r\u00e9t; jav\u00edtsa a l\u00e1togat\u00f3 felhaszn\u00e1l\u00f3i \u00e9lm\u00e9ny\u00e9t \u00e9s szem\u00e9lyre szabott hirdet\u00e9seket jelentessen meg a l\u00e1togat\u00f3 r\u00e9sz\u00e9re, tov\u00e1bb\u00e1 a honlap biztons\u00e1g\u00e1nak jav\u00edt\u00e1sa \u00e9rdek\u00e9ben.<\/p>\n<!-- \/wp:paragraph -->\n\n<!-- wp:paragraph -->\n<p>Az Adatkezel\u0151&nbsp;https:\/\/www.dickinsonconsulting.hu\/&nbsp;weboldal\u00e1nak m\u0171k\u00f6d\u00e9s\u00e9t az al\u00e1bbi cookie-k (s\u00fctik) seg\u00edtik:<\/p>\n<!-- \/wp:paragraph -->\n\n<!-- wp:list -->\n<ul><li>Sz\u00fcks\u00e9gszer\u0171 cookie-k: az oldal alapm\u0171k\u00f6d\u00e9s\u00e9t szolg\u00e1lj\u00e1k<\/li><li>Funkcion\u00e1lis cookie-k: a felhaszn\u00e1l\u00f3i preferenci\u00e1k megjegyz\u00e9s\u00e9t szolg\u00e1lj\u00e1k<\/li><\/ul>\n<!-- \/wp:list -->\n\n<!-- wp:paragraph -->\n<p>T\u00e1j\u00e9koztatjuk felhaszn\u00e1l\u00f3inkat, hogy a honlapunk \u00e1ltal m\u0171k\u00f6dtetett cookie-k (s\u00fctik) alkalmaz\u00e1sa az elektronikus h\u00edrk\u00f6zl\u00e9sr\u0151l sz\u00f3l\u00f3 2003. \u00e9vi C. t\u00f6rv\u00e9ny (\u201eEht.\u201d) 155. \u00a7 (4) szakasza \u00e9rtelm\u00e9ben a felhaszn\u00e1l\u00f3 el\u0151zetes, t\u00e1j\u00e9kozott hozz\u00e1j\u00e1rul\u00e1s\u00e1t ig\u00e9nyli. Ez\u00e9rt az els\u0151 l\u00e1togat\u00e1skor a honlapon, a k\u00e9perny\u0151 als\u00f3 r\u00e9sz\u00e9n felugrik egy felirat arr\u00f3l, hogy a weboldal cookie-kat (s\u00fctiket) haszn\u00e1l, illetve egy link, amely ehhez a t\u00e1j\u00e9koztat\u00f3hoz vezet. A cookie-k (s\u00fctik) haszn\u00e1lat\u00e1hoz a felhaszn\u00e1l\u00f3 az \u201eEnged\u00e9lyezem\u201d gomb megnyom\u00e1s\u00e1val j\u00e1rulhat hozz\u00e1.<\/p>\n<!-- \/wp:paragraph -->\n\n<!-- wp:paragraph -->\n<p>Tov\u00e1bbi inform\u00e1ci\u00f3 a cookie-k haszn\u00e1lat\u00e1r\u00f3l az allaboutcookies.org oldalon \u2013 itt t\u00f6bbek k\u00f6z\u00f6tt r\u00e9szletes \u00fatmutat\u00f3 is tal\u00e1lhat\u00f3 a cookie-k sz\u00e1m\u00edt\u00f3g\u00e9pr\u0151l val\u00f3 t\u00f6rl\u00e9s\u00e9r\u0151l. A cookie-k mobiltelefonr\u00f3l val\u00f3 t\u00f6rl\u00e9s\u00e9re vonatkoz\u00f3 inform\u00e1ci\u00f3k\u00e9rt olvassa el a k\u00e9sz\u00fcl\u00e9ke k\u00e9zik\u00f6nyv\u00e9t.<\/p>\n<!-- \/wp:paragraph -->\n\n<!-- wp:paragraph -->\n<p>Az oldal haszn\u00e1lat\u00e1val elfogadja a technikai adatok \u00e9s cookie-k fentiek szerinti felhaszn\u00e1l\u00e1s\u00e1t. Fontos, hogy ezek \u00f6nmagukban nem haszn\u00e1lhat\u00f3k a szem\u00e9lyazonoss\u00e1ga beazonos\u00edt\u00e1s\u00e1ra, \u00e9s az oldal elhagy\u00e1sa ut\u00e1n a b\u00f6ng\u00e9sz\u0151program be\u00e1ll\u00edt\u00e1sainak megfelel\u0151en t\u00f6rl\u0151dnek.<\/p>\n<!-- \/wp:paragraph -->\n\n<!-- wp:paragraph -->\n<p>A honlapon haszn\u00e1lt s\u00fctik szem\u00e9ly szerinti beazonos\u00edt\u00e1sra alkalmas inform\u00e1ci\u00f3t nem t\u00e1rolnak.<\/p>\n<!-- \/wp:paragraph -->\n\n<!-- wp:paragraph -->\n<p>Amennyiben \u00d6n m\u00e9gsem szeretne fogadni bizonyos t\u00edpus\u00fa cookie- kat (s\u00fctiket), akkor m\u00f3dja van a b\u00f6ng\u00e9sz\u0151j\u00e9t \u00fagy be\u00e1ll\u00edtani, hogy az ne engedje meg az egyedi azonos\u00edt\u00f3 jel elhelyez\u00e9s\u00e9t, vagy b\u00f6ng\u00e9sz\u0151je figyelmeztesse, amennyiben a weboldal cookie-t (s\u00fctit) szeretne k\u00fcldeni.<\/p>\n<!-- \/wp:paragraph -->\n\n<!-- wp:paragraph -->\n<p><strong>11. Jogorvoslat<\/strong><\/p>\n<!-- \/wp:paragraph -->\n\n<!-- wp:paragraph -->\n<p>K\u00e9r\u00e9s vagy probl\u00e9ma eset\u00e9n, k\u00e9rj\u00fck, vegye fel vel\u00fcnk a kapcsolatot; postai \u00faton a 1055 Budapest, Szent Istv\u00e1n k\u00f6r\u00fat 13. 3. em. 6\/C. c\u00edmen vagy a <a href=\"mailto:PDA@DICKINSONCONSULTING.HU\">PDA@DICKINSONCONSULTING.HU<\/a> e-mailen fogadjuk k\u00e9r\u00e9s\u00e9t, \u00e9s igyeksz\u00fcnk halad\u00e9ktalanul v\u00e1laszolni \u00e9s mihamarabb teljes\u00edteni k\u00e9r\u00e9s\u00e9t. Ha valamivel m\u00e9gsem el\u00e9gedett, vagy \u00fagy \u00e9rzi, jogs\u00e9relem \u00e9rte a szem\u00e9lyes adatainak kezel\u00e9s\u00e9vel kapcsolatban, az illet\u00e9kes t\u00f6rv\u00e9nysz\u00e9khez, a f\u0151v\u00e1rosban a F\u0151v\u00e1rosi T\u00f6rv\u00e9nysz\u00e9khez is fordulhat vagy vizsg\u00e1latot kezdem\u00e9nyezhet a Nemzeti Adatv\u00e9delmi \u00e9s Inform\u00e1ci\u00f3szabads\u00e1g Hat\u00f3s\u00e1gn\u00e1l (C\u00edm: 1024 Budapest, Szil\u00e1gyi Erzs\u00e9bet fasor 22\/C., El\u00e9rhet\u0151s\u00e9g:&nbsp;<a href=\"mailto:ugyfelszolgalat@naih.hu\">ugyfelszolgalat@naih.hu<\/a>, +36-1-3911400,&nbsp;<a href=\"http:\/\/www.naih.hu\/\">www.naih.hu<\/a>&nbsp;&nbsp;<\/p>\n<!-- \/wp:paragraph -->\n\n<!-- wp:paragraph -->\n<p>Budapest, 2021 j\u00fanius 2.<\/p>\n<!-- \/wp:paragraph -->","_hu_post_name":"privacy-policy","_hu_post_excerpt":"","_hu_post_title":"Adatkezel\u00e9si T\u00e1j\u00e9koztat\u00f3","_en_post_content":"","_en_post_name":"","_en_post_excerpt":"","_en_post_title":"","edit_language":"en","footnotes":""},"class_list":["post-3","page","type-page","status-publish","has-post-thumbnail","hentry"],"yoast_head":"<!-- This site is optimized with the Yoast SEO plugin v16.2 - https:\/\/yoast.com\/wordpress\/plugins\/seo\/ -->\n<title>Adatkezel\u00e9si T\u00e1j\u00e9koztat\u00f3 - Dickinson Consulting<\/title>\n<meta name=\"robots\" content=\"index, follow, max-snippet:-1, max-image-preview:large, max-video-preview:-1\" \/>\n<link rel=\"canonical\" href=\"https:\/\/www.dickinsonconsulting.hu\/privacy-policy\/\" \/>\n<meta property=\"og:locale\" content=\"en_GB\" \/>\n<meta property=\"og:type\" content=\"article\" \/>\n<meta property=\"og:title\" content=\"Adatkezel\u00e9si T\u00e1j\u00e9koztat\u00f3 - Dickinson Consulting\" \/>\n<meta property=\"og:description\" content=\"Adatkezel\u00e9si T\u00e1j\u00e9koztat\u00f3 Dickinson Consulting T\u00e1j\u00e9koztat\u00f3 hat\u00e1lybal\u00e9p\u00e9s\u00e9nek napja: 2021.06.02. A szem\u00e9lyes adatok v\u00e9delm\u00e9re komoly hangs\u00falyt helyez\u00fcnk. Ez\u00e9rt szeretn\u00e9nk megismertetni \u00d6nt azokkal az adatkezel\u00e9si, illetve adatfeldolgoz\u00e1si folyamatokkal, amelyeket tev\u00e9kenys\u00e9g\u00fcnkkel kapcsolatban, illetve az \u00e1ltalunk k\u00fcld\u00f6tt inform\u00e1ci\u00f3kkal kapcsolatban alkalmazunk. Az al\u00e1bbiakban arr\u00f3l t\u00e1j\u00e9koztatjuk \u00d6nt arr\u00f3l, hogy milyen adatokat, milyen c\u00e9lb\u00f3l r\u00f6gz\u00edt\u00fcnk, kezel\u00fcnk, illetve, hogy mit tesz\u00fcnk adatai v\u00e9delme \u00e9s\" \/>\n<meta property=\"og:url\" content=\"https:\/\/www.dickinsonconsulting.hu\/privacy-policy\/\" \/>\n<meta property=\"og:site_name\" content=\"Dickinson Consulting\" \/>\n<meta property=\"article:modified_time\" content=\"2021-07-30T12:56:09+00:00\" \/>\n<meta property=\"og:image\" content=\"https:\/\/www.dickinsonconsulting.hu\/wp-content\/uploads\/2021\/05\/pic_fooldal_01-header.jpg\" \/>\n\t<meta property=\"og:image:width\" content=\"1920\" \/>\n\t<meta property=\"og:image:height\" content=\"900\" \/>\n<meta name=\"twitter:card\" content=\"summary_large_image\" \/>\n<meta name=\"twitter:label1\" content=\"Estimated reading time\">\n\t<meta name=\"twitter:data1\" content=\"20 minutes\">\n<script type=\"application\/ld+json\" class=\"yoast-schema-graph\">{\"@context\":\"https:\/\/schema.org\",\"@graph\":[{\"@type\":\"WebSite\",\"@id\":\"https:\/\/www.dickinsonconsulting.hu\/#website\",\"url\":\"https:\/\/www.dickinsonconsulting.hu\/\",\"name\":\"Dickinson Consulting\",\"description\":\"My WordPress Blog\",\"potentialAction\":[{\"@type\":\"SearchAction\",\"target\":\"https:\/\/www.dickinsonconsulting.hu\/?s={search_term_string}\",\"query-input\":\"required name=search_term_string\"}],\"inLanguage\":\"en-GB\"},{\"@type\":\"ImageObject\",\"@id\":\"https:\/\/www.dickinsonconsulting.hu\/privacy-policy\/#primaryimage\",\"inLanguage\":\"en-GB\",\"url\":\"https:\/\/www.dickinsonconsulting.hu\/wp-content\/uploads\/2021\/05\/pic_fooldal_01-header.jpg\",\"contentUrl\":\"https:\/\/www.dickinsonconsulting.hu\/wp-content\/uploads\/2021\/05\/pic_fooldal_01-header.jpg\",\"width\":1920,\"height\":900},{\"@type\":\"WebPage\",\"@id\":\"https:\/\/www.dickinsonconsulting.hu\/privacy-policy\/#webpage\",\"url\":\"https:\/\/www.dickinsonconsulting.hu\/privacy-policy\/\",\"name\":\"Adatkezel\\u00e9si T\\u00e1j\\u00e9koztat\\u00f3 - Dickinson Consulting\",\"isPartOf\":{\"@id\":\"https:\/\/www.dickinsonconsulting.hu\/#website\"},\"primaryImageOfPage\":{\"@id\":\"https:\/\/www.dickinsonconsulting.hu\/privacy-policy\/#primaryimage\"},\"datePublished\":\"2021-04-29T14:22:14+00:00\",\"dateModified\":\"2021-07-30T12:56:09+00:00\",\"breadcrumb\":{\"@id\":\"https:\/\/www.dickinsonconsulting.hu\/privacy-policy\/#breadcrumb\"},\"inLanguage\":\"en-GB\",\"potentialAction\":[{\"@type\":\"ReadAction\",\"target\":[\"https:\/\/www.dickinsonconsulting.hu\/privacy-policy\/\"]}]},{\"@type\":\"BreadcrumbList\",\"@id\":\"https:\/\/www.dickinsonconsulting.hu\/privacy-policy\/#breadcrumb\",\"itemListElement\":[{\"@type\":\"ListItem\",\"position\":1,\"item\":{\"@type\":\"WebPage\",\"@id\":\"https:\/\/www.dickinsonconsulting.hu\/\",\"url\":\"https:\/\/www.dickinsonconsulting.hu\/\",\"name\":\"Home\"}},{\"@type\":\"ListItem\",\"position\":2,\"item\":{\"@id\":\"https:\/\/www.dickinsonconsulting.hu\/privacy-policy\/#webpage\"}}]}]}<\/script>\n<!-- \/ Yoast SEO plugin. -->","_links":{"self":[{"href":"https:\/\/www.dickinsonconsulting.hu\/en\/wp-json\/wp\/v2\/pages\/3","targetHints":{"allow":["GET"]}}],"collection":[{"href":"https:\/\/www.dickinsonconsulting.hu\/en\/wp-json\/wp\/v2\/pages"}],"about":[{"href":"https:\/\/www.dickinsonconsulting.hu\/en\/wp-json\/wp\/v2\/types\/page"}],"author":[{"embeddable":true,"href":"https:\/\/www.dickinsonconsulting.hu\/en\/wp-json\/wp\/v2\/users\/1"}],"replies":[{"embeddable":true,"href":"https:\/\/www.dickinsonconsulting.hu\/en\/wp-json\/wp\/v2\/comments?post=3"}],"version-history":[{"count":3,"href":"https:\/\/www.dickinsonconsulting.hu\/en\/wp-json\/wp\/v2\/pages\/3\/revisions"}],"predecessor-version":[{"id":463,"href":"https:\/\/www.dickinsonconsulting.hu\/en\/wp-json\/wp\/v2\/pages\/3\/revisions\/463"}],"wp:featuredmedia":[{"embeddable":true,"href":"https:\/\/www.dickinsonconsulting.hu\/en\/wp-json\/wp\/v2\/media\/253"}],"wp:attachment":[{"href":"https:\/\/www.dickinsonconsulting.hu\/en\/wp-json\/wp\/v2\/media?parent=3"}],"curies":[{"name":"wp","href":"https:\/\/api.w.org\/{rel}","templated":true}]}}